{"id":100650,"date":"2023-07-05T08:41:41","date_gmt":"2023-07-05T08:41:41","guid":{"rendered":"https:\/\/abroadescape.com\/fr\/?page_id=100650"},"modified":"2026-09-05T14:23:38","modified_gmt":"2026-09-05T14:23:38","slug":"cape-verde","status":"publish","type":"page","link":"https:\/\/abroadescape.com\/fr\/cape-verde\/","title":{"rendered":"Cape-verde"},"content":{"rendered":"<div class=\"et_pb_section_0 et_pb_section et_section_regular et_flex_section\">\n<div class=\"et_pb_row_0 et_pb_row et_flex_row\">\n<div class=\"et_pb_column_0 et_pb_column et_flex_column et_pb_css_mix_blend_mode_passthrough et_flex_column_12_24 et_flex_column_12_24_tablet et_flex_column_24_24_phone\">\n<div class=\"et_pb_text_0 et_pb_text et_pb_bg_layout_light et_pb_module et_flex_module\"><div class=\"et_pb_text_inner\"><h1>Volontariat au Cap-Vert avec Abroad Escape <span style=\"color: #ff4d00;\">Abroad Escape<\/span><\/h1>\n<\/div><\/div>\n\n<div class=\"et_pb_text_1 et_pb_text et_pb_bg_layout_light et_pb_module et_flex_module\"><div class=\"et_pb_text_inner\"><p class=\"isSelectedEnd\"><strong><span>\u00c0 partir de 715 \u20ac<\/span><\/strong><\/p>\n<p class=\"isSelectedEnd\"><span>Au Cap-Vert, vous pouvez choisir parmi diff\u00e9rents projets de volontariat \u00e0 Tarrafal, sur l\u2019\u00eele de Santiago. Vous pouvez notamment participer \u00e0 des projets dans les domaines de <\/span><strong><span>l\u2019enseignement<\/span><\/strong><span>, de la <\/span><strong><span>garde d\u2019enfants<\/span><\/strong><span>, du <\/span><strong><span>coaching sportif<\/span><\/strong><span>, de la <\/span><strong><span>construction<\/span><\/strong><span>, de <\/span><strong><span>l\u2019agriculture<\/span><\/strong><span> et de la <\/span><strong><span>protection des tortues marines<\/span><\/strong><span>. Les programmes commencent chaque lundi et vous pouvez combiner diff\u00e9rents projets pendant un s\u00e9jour de 1 \u00e0 8 semaines.<\/span><\/p>\n<p class=\"isSelectedEnd\"><span>La <\/span><strong><span>Culture Week<\/span><\/strong><span> est recommand\u00e9e pour d\u00e9couvrir le Cap-Vert, surtout s\u2019il s\u2019agit de votre premi\u00e8re visite dans le pays, mais elle n\u2019est pas obligatoire.<\/span><\/p>\n<\/div><\/div>\n\n<div class=\"et_pb_module et_pb_button_module_wrapper et_pb_button_0_wrapper preset--module--divi-button--default_wrapper\"><a class=\"et_pb_button_0 et_pb_button et_pb_bg_layout_light et_pb_module et_flex_module preset--module--divi-button--default\" href=\"https:\/\/abroadescape.com\/fr\/contact\/\">Recevoir des conseils personnalis\u00e9s \u2192<\/a><\/div>\n<\/div>\n\n<div class=\"et_pb_column_1 et_pb_column et-last-child et_flex_column et_pb_css_mix_blend_mode_passthrough et_flex_column_12_24 et_flex_column_12_24_tablet et_flex_column_24_24_phone\">\n<div class=\"et_pb_image_0 et_pb_image et_pb_module et_flex_module\"><span class=\"et_pb_image_wrap\"><img loading=\"lazy\" decoding=\"async\" src=\"https:\/\/abroadescape.com\/fr\/wp-content\/uploads\/sites\/2\/2026\/09\/CapeVerde-_childcare.webp\" title=\"CapeVerde-_childcare\" width=\"1600\" height=\"720\" srcset=\"https:\/\/abroadescape.com\/fr\/wp-content\/uploads\/sites\/2\/2026\/09\/CapeVerde-_childcare.webp 1600w, https:\/\/abroadescape.com\/fr\/wp-content\/uploads\/sites\/2\/2026\/09\/CapeVerde-_childcare-1280x576.webp 1280w, https:\/\/abroadescape.com\/fr\/wp-content\/uploads\/sites\/2\/2026\/09\/CapeVerde-_childcare-980x441.webp 980w, https:\/\/abroadescape.com\/fr\/wp-content\/uploads\/sites\/2\/2026\/09\/CapeVerde-_childcare-480x216.webp 480w\" sizes=\"(min-width: 0px) and (max-width: 480px) 480px, (min-width: 481px) and (max-width: 980px) 980px, (min-width: 981px) and (max-width: 1280px) 1280px, (min-width: 1281px) 1600px, 100vw\" class=\"wp-image-104932\" alt=\"Volunteer in Cape Verde, Tarrafal volunteer programs, Santiago Island, Abroad Escape Cape Verde volunteer abroad, Praia Airport\" \/><\/span><\/div>\n<\/div>\n<\/div>\n\n<div class=\"et_pb_row_1 et_pb_row et_flex_row\">\n<div class=\"et_pb_column_2 et_pb_column et-last-child et_flex_column et_pb_css_mix_blend_mode_passthrough et_flex_column_24_24 et_flex_column_24_24_tablet et_flex_column_24_24_phone\">\n<div class=\"et_pb_code_0 et_pb_code et_pb_module\"><div class=\"et_pb_code_inner\"><style>\n\/* =========================================================\n   ABROAD ESCAPE \u2014 KURT'S TAKE\n   Responsive founder section\n   ========================================================= *\/\n\n.ae-kurt-take {\n    --ae-orange: #ed5523;\n    --ae-black: #111111;\n    --ae-border: rgba(237, 85, 35, 0.32);\n\n    width: 100%;\n    max-width: 1200px;\n    margin: 0 auto;\n    padding: 0 24px;\n    box-sizing: border-box;\n}\n\n.ae-kurt-take * {\n    box-sizing: border-box;\n}\n\n.ae-kurt-card {\n    position: relative;\n    display: grid;\n    grid-template-columns: minmax(0, 1.08fr) minmax(340px, 0.92fr);\n    align-items: stretch;\n    overflow: hidden;\n    background: #ffffff;\n    border-radius: 2px;\n    padding: 64px 64px 58px;\n}\n\n.ae-kurt-card::before {\n    content: \"\";\n    position: absolute;\n    inset: 14px;\n    border: 1px dashed var(--ae-border);\n    pointer-events: none;\n    z-index: 5;\n}\n\n.ae-kurt-content {\n    position: relative;\n    z-index: 2;\n    padding-right: 42px;\n}\n\n.ae-kurt-label {\n    display: inline-block;\n    margin: 0 0 18px;\n    color: var(--ae-orange);\n    font-family: \"Montserrat\", Arial, Helvetica, sans-serif;\n    font-size: 18px;\n    font-weight: 800;\n    line-height: 1.1;\n    letter-spacing: 0.02em;\n    text-transform: uppercase;\n}\n\n.ae-kurt-rule {\n    width: 62px;\n    height: 4px;\n    margin: 0 0 34px;\n    background: var(--ae-orange);\n}\n\n.ae-kurt-copy {\n    margin: 0;\n}\n\n.ae-kurt-copy p {\n    margin: 0 0 24px;\n    color: var(--ae-black);\n    font-family: \"Montserrat\", Arial, Helvetica, sans-serif;\n    font-size: 17px;\n    font-weight: 400;\n    line-height: 1.7;\n    letter-spacing: -0.01em;\n}\n\n.ae-kurt-copy p:last-child {\n    margin-bottom: 0;\n}\n\n.ae-kurt-quote {\n    position: relative;\n    margin: 34px 0 0;\n    padding: 18px 0 18px 24px;\n    border-left: 4px solid var(--ae-orange);\n}\n\n.ae-kurt-quote p {\n    margin: 0;\n    color: var(--ae-orange);\n    font-family: \"Montserrat\", Arial, Helvetica, sans-serif;\n    font-size: 18px;\n    font-weight: 700;\n    font-style: italic;\n    line-height: 1.55;\n}\n\n.ae-kurt-meet {\n    display: inline-flex;\n    align-items: center;\n    gap: 9px;\n    margin-top: 32px;\n    color: var(--ae-black);\n    font-family: \"Montserrat\", Arial, Helvetica, sans-serif;\n    font-size: 15px;\n    font-weight: 800;\n    line-height: 1.2;\n    text-decoration: none;\n    text-transform: uppercase;\n    letter-spacing: 0.02em;\n    border-bottom: 3px solid var(--ae-orange);\n    padding-bottom: 7px;\n    transition:\n        color 0.2s ease,\n        transform 0.2s ease;\n}\n\n.ae-kurt-meet span {\n    color: var(--ae-orange);\n    font-size: 18px;\n    line-height: 1;\n}\n\n.ae-kurt-meet:hover {\n    color: var(--ae-orange);\n    transform: translateX(2px);\n}\n\n.ae-kurt-photo {\n    position: relative;\n    z-index: 2;\n    display: flex;\n    align-items: flex-end;\n    justify-content: center;\n    min-height: 520px;\n    margin: -64px -64px -58px 0;\n    overflow: hidden;\n}\n\n.ae-kurt-photo img {\n    display: block;\n    width: 100%;\n    height: 100%;\n    max-width: 520px;\n    max-height: 620px;\n    object-fit: contain;\n    object-position: center bottom;\n    align-self: flex-end;\n}\n\n@media (max-width: 900px) {\n\n    .ae-kurt-card {\n        grid-template-columns:\n            minmax(0, 1fr)\n            minmax(280px, 0.8fr);\n        padding: 52px 44px 48px;\n    }\n\n    .ae-kurt-content {\n        padding-right: 28px;\n    }\n\n    .ae-kurt-photo {\n        min-height: 460px;\n        margin: -52px -44px -48px 0;\n    }\n\n    .ae-kurt-copy p {\n        font-size: 16px;\n        line-height: 1.65;\n    }\n\n    .ae-kurt-quote p {\n        font-size: 17px;\n    }\n}\n\n@media (max-width: 700px) {\n\n    .ae-kurt-take {\n        padding: 0 14px;\n    }\n\n    .ae-kurt-card {\n        display: flex;\n        flex-direction: column;\n        padding: 42px 28px 36px;\n        background: #ffffff;\n        border-radius: 2px;\n    }\n\n    .ae-kurt-card::before {\n        inset: 10px;\n        border: 1px dashed var(--ae-border);\n    }\n\n    .ae-kurt-photo {\n        order: 1;\n        min-height: 0;\n        margin: 12px -28px 28px;\n        padding: 0 20px;\n        justify-content: center;\n    }\n\n    .ae-kurt-photo img {\n        width: 100%;\n        height: auto;\n        max-width: 380px;\n        max-height: none;\n        object-fit: contain;\n    }\n\n    .ae-kurt-content {\n        order: 2;\n        padding-right: 0;\n    }\n\n    .ae-kurt-label {\n        margin-bottom: 15px;\n        font-size: 16px;\n    }\n\n    .ae-kurt-rule {\n        width: 54px;\n        height: 4px;\n        margin-bottom: 27px;\n    }\n\n    .ae-kurt-copy p {\n        font-size: 16px;\n        line-height: 1.7;\n        margin-bottom: 22px;\n    }\n\n    .ae-kurt-quote {\n        margin-top: 30px;\n        padding: 16px 0 16px 19px;\n    }\n\n    .ae-kurt-quote p {\n        font-size: 16px;\n        line-height: 1.55;\n    }\n\n    .ae-kurt-meet {\n        margin-top: 27px;\n        font-size: 14px;\n    }\n}\n\n@media (max-width: 420px) {\n\n    .ae-kurt-take {\n        padding: 0 10px;\n    }\n\n    .ae-kurt-card {\n        padding: 36px 23px 32px;\n        background: #ffffff;\n    }\n\n    .ae-kurt-card::before {\n        inset: 8px;\n        border: 1px dashed var(--ae-border);\n    }\n\n    .ae-kurt-photo {\n        margin-left: -23px;\n        margin-right: -23px;\n        padding: 0 14px;\n    }\n\n    .ae-kurt-copy p {\n        font-size: 15.5px;\n    }\n\n    .ae-kurt-quote p {\n        font-size: 15.5px;\n    }\n}\n<\/style>\n\n<section\n    class=\"ae-kurt-take\"\n    aria-labelledby=\"ae-kurt-heading\"\n>\n\n    <div class=\"ae-kurt-card\">\n\n        <div class=\"ae-kurt-content\">\n\n            <div\n                id=\"ae-kurt-heading\"\n                class=\"ae-kurt-label\"\n            >\n                Les conseils de Kurt\n            <\/div>\n\n            <div class=\"ae-kurt-rule\"><\/div>\n\n            <div class=\"ae-kurt-copy\">\n\n                <p>\n                    \nJe recommande vivement le Cap-Vert comme destination pour faire du volontariat, notamment en raison de la diversit\u00e9 des projets propos\u00e9s.\n<br\/><br\/>\nVous avez l\u2019occasion de d\u00e9couvrir une autre facette du Cap-Vert, de mieux conna\u00eetre la culture locale et de passer r\u00e9ellement du temps au sein d\u2019une communaut\u00e9 plut\u00f4t que de simplement voyager comme touriste.\n<br\/><br\/>\nVous pouvez travailler avec des enfants, aider dans des \u00e9coles, participer \u00e0 des travaux de construction ou de r\u00e9novation, travailler dans une ferme, encadrer des activit\u00e9s sportives ou participer au projet de protection des tortues marines.\n<br\/><br\/>\nVous pouvez \u00e9galement combiner plusieurs projets. Votre exp\u00e9rience de volontariat ne doit donc pas n\u00e9cessairement se limiter \u00e0 un seul type d\u2019activit\u00e9.\n<br\/><br\/>\nSi vous allez au Cap-Vert pour la premi\u00e8re fois, j\u2019envisagerais s\u00e9rieusement de commencer par la Culture Week. Elle vous donne le temps de d\u00e9couvrir les environs et de mieux comprendre le pays avant de commencer votre projet de volontariat.\n<br\/><br\/>\nLe plus important est de choisir quelque chose qui vous correspond r\u00e9ellement. Si vous me dites quand vous souhaitez partir, combien de temps vous avez et quel type d\u2019activit\u00e9 vous int\u00e9resse, je peux vous aider \u00e0 d\u00e9terminer quel projet, ou quelle combinaison de projets, serait le plus logique pour vous.\n                <\/p>\n\n            <\/div>\n\n            <br\/>\n\n            <a\n                class=\"ae-kurt-meet\"\n                href=\"https:\/\/abroadescape.com\/about-kurt\/\"\n                target=\"_new\"\n                rel=\"noopener noreferrer\"\n                aria-label=\"Meer over Kurt\"\n            >\n                En savoir plus sur Kurt \u2192\n                <span aria-hidden=\"true\">\u2192<\/span>\n            <\/a>\n\n        <\/div>\n\n        <div class=\"ae-kurt-photo\">\n\n            <img\n                src=\"https:\/\/abroadescape.com\/wp-content\/uploads\/2026\/08\/KURT-FOUNDER-IMAGE.webp\"\n                alt=\"Kurt De Corte, founder of Abroad Escape\"\n                loading=\"lazy\"\n                decoding=\"async\"\n            >\n\n        <\/div>\n\n    <\/div>\n\n<\/section><\/div><\/div>\n<\/div>\n<\/div>\n<\/div>\n\n<div class=\"et_pb_section_1 et_pb_section et_section_regular et_flex_section\">\n<div class=\"et_pb_row_2 et_pb_row et_flex_row\">\n<div class=\"et_pb_column_3 et_pb_column et-last-child et_flex_column et_pb_css_mix_blend_mode_passthrough et_flex_column_24_24 et_flex_column_24_24_tablet et_flex_column_24_24_phone\">\n<div class=\"et_pb_text_2 et_pb_text et_pb_bg_layout_light et_pb_module et_flex_module\"><div class=\"et_pb_text_inner\"><h1><span>Nos projets de volontariat au Cap-Vert<\/span><\/h1>\n<ul data-spread=\"false\">\n<li><span>Les programmes commencent chaque lundi et vous pouvez combiner diff\u00e9rents projets.<\/span><\/li>\n<li><span>Le projet de protection des tortues marines a des dates de d\u00e9but fixes et saisonni\u00e8res.<\/span><\/li>\n<li><span>La Culture Week est particuli\u00e8rement int\u00e9ressante si vous visitez le Cap-Vert pour la premi\u00e8re fois et souhaitez d\u2019abord d\u00e9couvrir le pays et la culture locale.<\/span><\/li>\n<\/ul>\n<\/div><\/div>\n<\/div>\n<\/div>\n<\/div>\n\n<div class=\"et_pb_section_2 et_pb_section et_section_regular et_flex_section\">\n<div class=\"et_pb_row_3 et_pb_row et_flex_row\">\n<div class=\"et_pb_column_4 et_pb_column et_flex_column et_pb_css_mix_blend_mode_passthrough et_flex_column_12_24 et_flex_column_12_24_tablet et_flex_column_24_24_phone\">\n<div class=\"et_pb_text_3 et_pb_text et_pb_bg_layout_light et_pb_module et_flex_module\"><div class=\"et_pb_text_inner\"><h3><span>Semaine culturelle<\/span><\/h3>\n<p class=\"isSelectedEnd\"><strong><span>Recommand\u00e9e si vous allez au Cap-Vert pour la premi\u00e8re fois<\/span><\/strong><\/p>\n<p><span>Si vous allez au Cap-Vert pour la premi\u00e8re fois, nous vous recommandons de commencer par la Culture Week. Il s\u2019agit d\u2019une d\u00e9couverte de cinq jours de la vie \u00e0 Tarrafal, avec des activit\u00e9s locales telles que l\u2019apprentissage du Kriolu, la cuisine, l\u2019artisanat, la p\u00eache et l\u2019agriculture. Vous visiterez \u00e9galement des sites culturels et historiques.<\/span><\/p>\n<\/div><\/div>\n<\/div>\n\n<div class=\"et_pb_column_5 et_pb_column et-last-child et_flex_column et_pb_css_mix_blend_mode_passthrough et_flex_column_12_24 et_flex_column_12_24_tablet et_flex_column_24_24_phone\">\n<div class=\"et_pb_image_1 et_pb_image et_pb_module et_flex_module\"><span class=\"et_pb_image_wrap\"><img loading=\"lazy\" decoding=\"async\" src=\"https:\/\/abroadescape.com\/fr\/wp-content\/uploads\/sites\/2\/2026\/09\/CapeVerde-03-2026-Tarrafal-Culture-Week-4.webp\" alt=\"Volunteer group visiting the colourful Tarrafal sign on Santiago Island, showing the Cape Verde setting of Abroad Escape volunteer programs.\" title=\"CapeVerde-03-2026 Tarrafal Culture Week (4)\" width=\"2016\" height=\"1512\" srcset=\"https:\/\/abroadescape.com\/fr\/wp-content\/uploads\/sites\/2\/2026\/09\/CapeVerde-03-2026-Tarrafal-Culture-Week-4.webp 2016w, https:\/\/abroadescape.com\/nl\/wp-content\/uploads\/sites\/4\/2026\/08\/CapeVerde-03-2026-Tarrafal-Culture-Week-4-1280x960.webp 1280w, https:\/\/abroadescape.com\/nl\/wp-content\/uploads\/sites\/4\/2026\/08\/CapeVerde-03-2026-Tarrafal-Culture-Week-4-980x735.webp 980w, https:\/\/abroadescape.com\/nl\/wp-content\/uploads\/sites\/4\/2026\/08\/CapeVerde-03-2026-Tarrafal-Culture-Week-4-480x360.webp 480w\" sizes=\"(min-width: 0px) and (max-width: 480px) 480px, (min-width: 481px) and (max-width: 980px) 980px, (min-width: 981px) and (max-width: 1280px) 1280px, (min-width: 1281px) 2016px, 100vw\" class=\"wp-image-7012\" \/><\/span><\/div>\n<\/div>\n<\/div>\n\n<div class=\"et_pb_row_4 et_pb_row et_flex_row\">\n<div class=\"et_pb_column_6 et_pb_column et-last-child et_flex_column et_pb_css_mix_blend_mode_passthrough et_flex_column_24_24 et_flex_column_24_24_tablet et_flex_column_24_24_phone\">\n<div class=\"et_pb_toggle_0 et_pb_toggle et_pb_toggle_item et_pb_toggle_close et_pb_module et_flex_module\"><h5 class=\"et_pb_toggle_title\">Que allez-vous faire ?<\/h5><div class=\"et_pb_toggle_content clearfix et_flex_module\"><p class=\"isSelectedEnd\"><span>La Culture Week se d\u00e9roule du lundi au vendredi et propose chaque jour une combinaison diff\u00e9rente d\u2019activit\u00e9s.<\/span><\/p>\n<p class=\"isSelectedEnd\"><span>Points forts :<\/span><\/p>\n<ul data-spread=\"false\">\n<li><span>Apprendre quelques mots de base en <\/span><strong><span>Kriolu<\/span><\/strong><span>, la langue locale<\/span><\/li>\n<li><span>Visiter des sites historiques et culturels \u00e0 Tarrafal et dans les environs<\/span><\/li>\n<li><span>Visiter <\/span><strong><span>le camp de concentration de Tarrafal<\/span><\/strong><\/li>\n<li><span>D\u00e9couvrir le march\u00e9 local<\/span><\/li>\n<li><span>En apprendre davantage sur l\u2019artisanat traditionnel, notamment la poterie et le tissage<\/span><\/li>\n<li><span>Participer \u00e0 une s\u00e9ance de cuisine traditionnelle et apprendre \u00e0 pr\u00e9parer la <\/span><strong><span>Cachupa<\/span><\/strong><\/li>\n<li><span>Passer du temps avec des p\u00eacheurs locaux<\/span><\/li>\n<li><span>Visiter des exploitations agricoles locales et en apprendre davantage sur l\u2019agriculture<\/span><\/li>\n<li><span>Participer \u00e0 des activit\u00e9s comme la p\u00eache et le snorkeling<\/span><\/li>\n<li><span>D\u00e9couvrir les projets de volontariat et les environs<\/span><\/li>\n<\/ul>\n<p class=\"isSelectedEnd\"><span>L\u2019ordre exact des activit\u00e9s peut varier en fonction de la m\u00e9t\u00e9o, des conditions locales et d\u2019autres circonstances.<\/span><\/p>\n<h3><span>Une semaine type<\/span><\/h3>\n<p class=\"isSelectedEnd\"><strong><span>Lundi<\/span><\/strong><br \/><span>Orientation, d\u00e9couverte des environs, promenade, visite d\u2019un mus\u00e9e et de sites historiques, march\u00e9 local et premi\u00e8re activit\u00e9 culturelle.<\/span><\/p>\n<p class=\"isSelectedEnd\"><strong><span>Mardi<\/span><\/strong><br \/><span>Kriolu, poterie, visite d\u2019une chapelle locale et activit\u00e9s autour de la p\u00eache et du littoral.<\/span><\/p>\n<p class=\"isSelectedEnd\"><strong><span>Mercredi<\/span><\/strong><br \/><span>Kriolu et s\u00e9ance de cuisine traditionnelle, avec une d\u00e9couverte de la pr\u00e9paration de la Cachupa.<\/span><\/p>\n<p class=\"isSelectedEnd\"><strong><span>Jeudi<\/span><\/strong><br \/><span>Kriolu, puis tissage traditionnel et autres activit\u00e9s culturelles.<\/span><\/p>\n<p class=\"isSelectedEnd\"><strong><span>Vendredi<\/span><\/strong><br \/><span>Kriolu, p\u00eache, visite d\u2019une exploitation agricole locale et introduction au projet de volontariat auquel vous participerez.<\/span><\/p>\n<h3><span>\u00c0 qui s\u2019adresse la Culture Week ?<\/span><\/h3>\n<p class=\"isSelectedEnd\"><span>La Culture Week est particuli\u00e8rement int\u00e9ressante si :<\/span><\/p>\n<ul data-spread=\"false\">\n<li><span>C\u2019est votre premi\u00e8re visite au Cap-Vert<\/span><\/li>\n<li><span>Vous souhaitez prendre un peu de temps pour vous habituer au pays avant de commencer votre projet<\/span><\/li>\n<li><span>Vous vous int\u00e9ressez au pays et \u00e0 sa culture, et pas uniquement au volontariat<\/span><\/li>\n<li><span>Vous souhaitez mieux comprendre la communaut\u00e9 dans laquelle vous allez s\u00e9journer<\/span><\/li>\n<li><span>Vous pr\u00e9voyez de combiner plusieurs projets de volontariat<\/span><\/li>\n<\/ul>\n<h3><span>Bon \u00e0 savoir<\/span><\/h3>\n<p class=\"isSelectedEnd\"><span>La Culture Week est <\/span><strong><span>recommand\u00e9e, mais pas obligatoire<\/span><\/strong><span>. Vous pouvez \u00e9galement commencer directement par un projet de volontariat si cela correspond mieux \u00e0 votre projet.<\/span><\/p>\n<p><span>La semaine se d\u00e9roule \u00e0 <\/span><strong><span>Tarrafal<\/span><\/strong><span>, sur l\u2019\u00eele de Santiago. Les activit\u00e9s sont organis\u00e9es localement et le programme peut donc \u00eatre adapt\u00e9 lorsque la m\u00e9t\u00e9o ou les conditions locales le n\u00e9cessitent.<\/span><\/p>\n<\/div><\/div>\n<\/div>\n<\/div>\n<\/div>\n\n<div class=\"et_pb_section_3 et_pb_section et_section_regular et_flex_section\">\n<div class=\"et_pb_row_5 et_pb_row et_flex_row\">\n<div class=\"et_pb_column_7 et_pb_column et_flex_column et_pb_css_mix_blend_mode_passthrough et_flex_column_12_24 et_flex_column_12_24_tablet et_flex_column_24_24_phone\">\n<div class=\"et_pb_text_4 et_pb_text et_pb_bg_layout_light et_pb_module et_flex_module\"><div class=\"et_pb_text_inner\"><h3><span>Enseignement<\/span><\/h3>\n<p><span>Vous aidez les enseignants locaux \u00e0 pratiquer l\u2019anglais conversationnel et \u00e0 organiser des activit\u00e9s en classe \u00e0 Tarrafal. Vous travaillez avec les enseignants locaux et aidez les \u00e9l\u00e8ves \u00e0 pratiquer leur anglais de mani\u00e8re pratique et cr\u00e9ative.<\/span><\/p>\n<\/div><\/div>\n<\/div>\n\n<div class=\"et_pb_column_8 et_pb_column et-last-child et_flex_column et_pb_css_mix_blend_mode_passthrough et_flex_column_12_24 et_flex_column_12_24_tablet et_flex_column_24_24_phone\">\n<div class=\"et_pb_image_2 et_pb_image et_pb_module et_flex_module\"><span class=\"et_pb_image_wrap\"><img loading=\"lazy\" decoding=\"async\" src=\"https:\/\/abroadescape.com\/fr\/wp-content\/uploads\/sites\/2\/2026\/09\/Cape-Verde-_education.webp\" title=\"Cape-Verde-_education\" width=\"1000\" height=\"748\" srcset=\"https:\/\/abroadescape.com\/fr\/wp-content\/uploads\/sites\/2\/2026\/09\/Cape-Verde-_education.webp 1000w, https:\/\/abroadescape.com\/nl\/wp-content\/uploads\/sites\/4\/2026\/09\/Cape-Verde-_education-980x733.webp 980w, https:\/\/abroadescape.com\/nl\/wp-content\/uploads\/sites\/4\/2026\/09\/Cape-Verde-_education-480x359.webp 480w\" sizes=\"(min-width: 0px) and (max-width: 480px) 480px, (min-width: 481px) and (max-width: 980px) 980px, (min-width: 981px) 1000px, 100vw\" class=\"wp-image-7249\" alt=\"Volunteer helping children with writing activities in a classroom in Tarrafal, showing the childcare and teaching focus of Abroad Escape volunteer programs in Cape Verde.\" \/><\/span><\/div>\n<\/div>\n<\/div>\n\n<div class=\"et_pb_row_6 et_pb_row et_flex_row\">\n<div class=\"et_pb_column_9 et_pb_column et-last-child et_flex_column et_pb_css_mix_blend_mode_passthrough et_flex_column_24_24 et_flex_column_24_24_tablet et_flex_column_24_24_phone\">\n<div class=\"et_pb_toggle_1 et_pb_toggle et_pb_toggle_item et_pb_toggle_close et_pb_module et_flex_module\"><h5 class=\"et_pb_toggle_title\">Que allez-vous faire ?<\/h5><div class=\"et_pb_toggle_content clearfix et_flex_module\"><h3><span>Points forts<\/span><\/h3>\n<ul data-spread=\"false\">\n<li><span>Anglais conversationnel<\/span><\/li>\n<li><span>Soutien en classe<\/span><\/li>\n<li><span>Jeux et chansons<\/span><\/li>\n<li><span>Activit\u00e9s en petits groupes et en individuel<\/span><\/li>\n<li><span>Pr\u00e9paration des cours<\/span><\/li>\n<li><span>Pr\u00e9paration du mat\u00e9riel p\u00e9dagogique<\/span><\/li>\n<li><span>Activit\u00e9s cr\u00e9atives et r\u00e9cr\u00e9atives<\/span><\/li>\n<li><span>Activit\u00e9s scolaires et communautaires<\/span><\/li>\n<li><span>Collaboration avec les enseignants locaux<\/span><\/li>\n<\/ul>\n<h3><span>Que allez-vous faire ?<\/span><\/h3>\n<p class=\"isSelectedEnd\"><span>Votre r\u00f4le est de soutenir les enseignants locaux et non de les remplacer. Vous participez aux cours d\u2019anglais et \u00e0 d\u2019autres activit\u00e9s, selon les besoins de l\u2019\u00e9cole et des \u00e9l\u00e8ves \u00e0 ce moment-l\u00e0.<\/span><\/p>\n<p class=\"isSelectedEnd\"><span>Selon la classe et les besoins, vous pourrez par exemple :<\/span><\/p>\n<ul data-spread=\"false\">\n<li><span>Aider les \u00e9l\u00e8ves \u00e0 pratiquer un anglais conversationnel simple<\/span><\/li>\n<li><span>Utiliser des chansons et des jeux pour rendre la pratique de l\u2019anglais plus ludique<\/span><\/li>\n<li><span>Aider l\u2019enseignant pendant les cours<\/span><\/li>\n<li><span>Travailler avec de petits groupes d\u2019\u00e9l\u00e8ves<\/span><\/li>\n<li><span>Fournir, lorsque cela est appropri\u00e9, un soutien individuel<\/span><\/li>\n<li><span>Participer \u00e0 la planification des cours et \u00e0 la pr\u00e9paration du mat\u00e9riel p\u00e9dagogique<\/span><\/li>\n<li><span>Apporter des id\u00e9es et des activit\u00e9s cr\u00e9atives en classe<\/span><\/li>\n<li><span>Participer aux activit\u00e9s scolaires et communautaires<\/span><\/li>\n<li><span>Tenir \u00e0 jour les plans de cours et les activit\u00e9s<\/span><\/li>\n<\/ul>\n<h3><span>\u00c0 qui s\u2019adresse ce projet ?<\/span><\/h3>\n<p class=\"isSelectedEnd\"><span>L\u2019enseignement convient particuli\u00e8rement aux personnes qui aiment travailler avec des enfants et qui s\u2019int\u00e9ressent \u00e0 l\u2019\u00e9ducation, aux langues ou au travail dans un environnement scolaire.<\/span><\/p>\n<p class=\"isSelectedEnd\"><span>Vous n\u2019avez pas besoin d\u2019\u00eatre enseignant qualifi\u00e9 pour participer. Vous devez toutefois \u00eatre \u00e0 l\u2019aise avec les enfants, \u00eatre pr\u00eat \u00e0 participer activement et accepter de travailler en fonction des besoins des enseignants et des \u00e9l\u00e8ves locaux.<\/span><\/p>\n<h3><span>Travailler avec les enseignants locaux<\/span><\/h3>\n<p class=\"isSelectedEnd\"><span>Vous travaillez avec des enseignants locaux et non de mani\u00e8re autonome. Ils apportent leurs connaissances du contexte local et assurent l\u2019encadrement, tandis que vous soutenez leurs cours et activit\u00e9s existants.<\/span><\/p>\n<p class=\"isSelectedEnd\"><span>Il est important d\u2019\u00eatre pr\u00e9par\u00e9 et ponctuel, notamment lorsque vous participez \u00e0 des cours ou activit\u00e9s planifi\u00e9s.<\/span><\/p>\n<h3><span>Une semaine type<\/span><\/h3>\n<p class=\"isSelectedEnd\"><span>Le projet d\u2019enseignement se d\u00e9roule du <\/span><strong><span>lundi au vendredi<\/span><\/strong><span>.<\/span><\/p>\n<p class=\"isSelectedEnd\"><span>Vos activit\u00e9s peuvent comprendre l\u2019aide pendant les cours r\u00e9guliers, le travail avec de petits groupes ou des \u00e9l\u00e8ves individuellement, la pr\u00e9paration des cours et du mat\u00e9riel ainsi que l\u2019organisation d\u2019activit\u00e9s cr\u00e9atives ou r\u00e9cr\u00e9atives.<\/span><\/p>\n<p class=\"isSelectedEnd\"><span>Les activit\u00e9s exactes d\u00e9pendent des besoins des \u00e9l\u00e8ves et de l\u2019\u00e9cole \u00e0 ce moment-l\u00e0.<\/span><\/p>\n<h3><span>Bon \u00e0 savoir<\/span><\/h3>\n<p class=\"isSelectedEnd\"><span>L\u2019accent est mis sur <\/span><strong><span>le soutien \u00e0 la pratique de l\u2019anglais conversationnel et \u00e0 l\u2019apprentissage en classe<\/span><\/strong><span>. L\u2019objectif n\u2019est pas d\u2019arriver avec votre propre m\u00e9thode d\u2019enseignement ou de prendre la place des enseignants locaux.<\/span><\/p>\n<p><span>La flexibilit\u00e9 est importante. Les cours, les besoins des \u00e9l\u00e8ves et les activit\u00e9s peuvent varier. Les volontaires les plus utiles sont donc ceux qui savent s\u2019adapter et qui sont pr\u00eats \u00e0 faire ce qui est n\u00e9cessaire localement.<\/span><\/p>\n<\/div><\/div>\n<\/div>\n<\/div>\n<\/div>\n\n<div class=\"et_pb_section_4 et_pb_section et_section_regular et_flex_section\">\n<div class=\"et_pb_row_7 et_pb_row et_flex_row\">\n<div class=\"et_pb_column_10 et_pb_column et_flex_column et_pb_css_mix_blend_mode_passthrough et_flex_column_12_24 et_flex_column_12_24_tablet et_flex_column_24_24_phone\">\n<div class=\"et_pb_text_5 et_pb_text et_pb_bg_layout_light et_pb_module et_flex_module\"><div class=\"et_pb_text_inner\"><h3><span>Garde d\u2019enfants<\/span><\/h3>\n<p><span>Vous soutenez les \u00e9quipes locales qui travaillent avec de jeunes enfants dans des structures de garde, des \u00e9coles maternelles et les premi\u00e8res ann\u00e9es de l\u2019enseignement primaire \u00e0 Tarrafal. Vous participez aux activit\u00e9s quotidiennes, aux activit\u00e9s \u00e9ducatives, aux jeux cr\u00e9atifs et aux soins de base, toujours aux c\u00f4t\u00e9s de l\u2019\u00e9quipe locale.<\/span><\/p>\n<\/div><\/div>\n<\/div>\n\n<div class=\"et_pb_column_11 et_pb_column et-last-child et_flex_column et_pb_css_mix_blend_mode_passthrough et_flex_column_12_24 et_flex_column_12_24_tablet et_flex_column_24_24_phone\">\n<div class=\"et_pb_image_3 et_pb_image et_pb_module et_flex_module\"><span class=\"et_pb_image_wrap\"><img loading=\"lazy\" decoding=\"async\" src=\"https:\/\/abroadescape.com\/fr\/wp-content\/uploads\/sites\/2\/2026\/09\/Cape-Verde-_Tarrafal-Childcare-18-300x225-1.webp\" title=\"Cape-Verde-_Tarrafal - Childcare (18)\" width=\"1000\" height=\"750\" srcset=\"https:\/\/abroadescape.com\/fr\/wp-content\/uploads\/sites\/2\/2026\/09\/Cape-Verde-_Tarrafal-Childcare-18-300x225-1.webp 1000w, https:\/\/abroadescape.com\/nl\/wp-content\/uploads\/sites\/4\/2026\/09\/Cape-Verde-_Tarrafal-Childcare-18-300x225-1-980x735.webp 980w, https:\/\/abroadescape.com\/nl\/wp-content\/uploads\/sites\/4\/2026\/09\/Cape-Verde-_Tarrafal-Childcare-18-300x225-1-480x360.webp 480w\" sizes=\"(min-width: 0px) and (max-width: 480px) 480px, (min-width: 481px) and (max-width: 980px) 980px, (min-width: 981px) 1000px, 100vw\" class=\"wp-image-7250\" alt=\"Volunteer group visiting the colourful Tarrafal sign on Santiago Island, showing the Cape Verde setting of Abroad Escape volunteer programs.\" \/><\/span><\/div>\n<\/div>\n<\/div>\n\n<div class=\"et_pb_row_8 et_pb_row et_flex_row\">\n<div class=\"et_pb_column_12 et_pb_column et-last-child et_flex_column et_pb_css_mix_blend_mode_passthrough et_flex_column_24_24 et_flex_column_24_24_tablet et_flex_column_24_24_phone\">\n<div class=\"et_pb_toggle_2 et_pb_toggle et_pb_toggle_item et_pb_toggle_close et_pb_module et_flex_module\"><h5 class=\"et_pb_toggle_title\">Que allez-vous faire ?<\/h5><div class=\"et_pb_toggle_content clearfix et_flex_module\"><h3><span>Garde d\u2019enfants<\/span><\/h3>\n<p class=\"isSelectedEnd\"><span>Vous soutenez les \u00e9quipes locales qui travaillent avec de jeunes enfants dans des structures de garde, des \u00e9coles maternelles et les premi\u00e8res ann\u00e9es de l\u2019enseignement primaire \u00e0 Tarrafal. Vous participez aux activit\u00e9s quotidiennes, aux activit\u00e9s \u00e9ducatives, aux jeux cr\u00e9atifs et aux soins de base, toujours aux c\u00f4t\u00e9s de l\u2019\u00e9quipe locale.<\/span><\/p>\n<h5><span>Que allez-vous faire ?<\/span><\/h5>\n<h3><span>Points forts<\/span><\/h3>\n<ul data-spread=\"false\">\n<li><span>Travailler avec des enfants de 2 \u00e0 6 ans<\/span><\/li>\n<li><span>Activit\u00e9s en garde d\u2019enfants et en \u00e9cole maternelle<\/span><\/li>\n<li><span>Activit\u00e9s \u00e9ducatives<\/span><\/li>\n<li><span>Jeux cr\u00e9atifs<\/span><\/li>\n<li><span>Routines quotidiennes<\/span><\/li>\n<li><span>Soins de base aux enfants<\/span><\/li>\n<li><span>Pr\u00e9paration d\u2019activit\u00e9s et de mat\u00e9riel<\/span><\/li>\n<li><span>Collaboration avec l\u2019\u00e9quipe locale<\/span><\/li>\n<\/ul>\n<h3><span>Que allez-vous faire ?<\/span><\/h3>\n<p class=\"isSelectedEnd\"><span>Vous aidez l\u2019\u00e9quipe locale dans les activit\u00e9s quotidiennes et les routines des enfants. Selon les besoins, vous pourrez :<\/span><\/p>\n<ul data-spread=\"false\">\n<li><span>Participer aux soins quotidiens<\/span><\/li>\n<li><span>Participer aux activit\u00e9s \u00e9ducatives<\/span><\/li>\n<li><span>Organiser des activit\u00e9s cr\u00e9atives et des jeux<\/span><\/li>\n<li><span>Aider les enfants pendant les repas et autres routines quotidiennes<\/span><\/li>\n<li><span>Participer aux soins de base<\/span><\/li>\n<li><span>Soutenir les activit\u00e9s \u00e9ducatives<\/span><\/li>\n<li><span>Pr\u00e9parer le mat\u00e9riel n\u00e9cessaire aux activit\u00e9s<\/span><\/li>\n<li><span>Passer du temps avec les enfants en jouant avec eux et en cr\u00e9ant des liens<\/span><\/li>\n<\/ul>\n<h3><span>\u00c0 qui s\u2019adresse ce projet ?<\/span><\/h3>\n<p class=\"isSelectedEnd\"><span>Le projet de garde d\u2019enfants convient particuli\u00e8rement aux personnes qui aiment passer du temps avec de jeunes enfants et qui souhaitent d\u00e9couvrir comment fonctionnent la garde d\u2019enfants et l\u2019\u00e9ducation pr\u00e9scolaire dans un contexte local.<\/span><\/p>\n<p class=\"isSelectedEnd\"><span>La patience, la flexibilit\u00e9 et la volont\u00e9 de participer activement sont importantes.<\/span><\/p>\n<h3><span>Travailler avec l\u2019\u00e9quipe locale<\/span><\/h3>\n<p class=\"isSelectedEnd\"><span>Vous travaillez avec des membres de l\u2019\u00e9quipe locale et n\u2019\u00eates pas seul responsable des enfants. L\u2019\u00e9quipe vous guide et d\u00e9termine le type de soutien n\u00e9cessaire chaque jour.<\/span><\/p>\n<h3><span>Une semaine type<\/span><\/h3>\n<p class=\"isSelectedEnd\"><span>Le projet se d\u00e9roule du <\/span><strong><span>lundi au vendredi<\/span><\/strong><span>.<\/span><\/p>\n<p class=\"isSelectedEnd\"><span>Le premier jour comprend l\u2019orientation, une introduction au Kriolu et aux environs, ainsi que du temps pour vous familiariser avec votre environnement.<\/span><\/p>\n<p class=\"isSelectedEnd\"><span>\u00c0 partir du mardi, les activit\u00e9s comprennent g\u00e9n\u00e9ralement la garde d\u2019enfants et des activit\u00e9s \u00e9ducatives le matin, suivies de soins, d\u2019activit\u00e9s \u00e9ducatives et de pr\u00e9paration du mat\u00e9riel l\u2019apr\u00e8s-midi.<\/span><\/p>\n<h3><span>Bon \u00e0 savoir<\/span><\/h3>\n<p class=\"isSelectedEnd\"><span>L\u2019objectif est de <\/span><strong><span>soutenir les structures locales de garde d\u2019enfants<\/span><\/strong><span>, et non de remplacer les membres du personnel local. Les activit\u00e9s peuvent varier en fonction des besoins des enfants et de la routine quotidienne du centre.<\/span><\/p>\n<p class=\"isSelectedEnd\"><span>Si vous aimez travailler avec de jeunes enfants et souhaitez d\u00e9couvrir concr\u00e8tement la garde d\u2019enfants au Cap-Vert, ce projet peut vous correspondre.<\/span><\/p>\n<h3><span>Besoins sp\u00e9cifiques<\/span><\/h3>\n<p><span>Vous accompagnez des enfants, des adolescents et de jeunes adultes pr\u00e9sentant des handicaps physiques, cognitifs ou sensoriels dans un centre sp\u00e9cialis\u00e9 \u00e0 Tarrafal. Vous travaillez avec des accompagnateurs locaux form\u00e9s et des professionnels, et participez aux routines quotidiennes, aux activit\u00e9s, \u00e0 la communication et \u00e0 l\u2019accompagnement encadr\u00e9.<\/span><\/p>\n<\/div><\/div>\n<\/div>\n<\/div>\n<\/div>\n\n<div class=\"et_pb_section_5 et_pb_section et_section_regular et_flex_section\">\n<div class=\"et_pb_row_9 et_pb_row et_flex_row\">\n<div class=\"et_pb_column_13 et_pb_column et_flex_column et_pb_css_mix_blend_mode_passthrough et_flex_column_12_24 et_flex_column_12_24_tablet et_flex_column_24_24_phone\">\n<div class=\"et_pb_text_6 et_pb_text et_pb_bg_layout_light et_pb_module et_flex_module\"><div class=\"et_pb_text_inner\"><h3><span>Besoins sp\u00e9cifiques<\/span><\/h3>\n<p><span>Vous accompagnez des enfants, des adolescents et de jeunes adultes pr\u00e9sentant des handicaps physiques, cognitifs ou sensoriels dans un centre sp\u00e9cialis\u00e9 \u00e0 Tarrafal. Vous travaillez avec des accompagnateurs locaux form\u00e9s et des professionnels, et participez aux routines quotidiennes, aux activit\u00e9s, \u00e0 la communication et \u00e0 l\u2019accompagnement encadr\u00e9.<\/span><\/p>\n<\/div><\/div>\n<\/div>\n\n<div class=\"et_pb_column_14 et_pb_column et-last-child et_flex_column et_pb_css_mix_blend_mode_passthrough et_flex_column_12_24 et_flex_column_12_24_tablet et_flex_column_24_24_phone\">\n<div class=\"et_pb_image_4 et_pb_image et_pb_module et_flex_module\"><span class=\"et_pb_image_wrap\"><img loading=\"lazy\" decoding=\"async\" src=\"https:\/\/abroadescape.com\/fr\/wp-content\/uploads\/sites\/2\/2026\/09\/Cape-Verde-Cover.webp\" title=\"Cape-Verde-Cover\" width=\"1000\" height=\"838\" srcset=\"https:\/\/abroadescape.com\/fr\/wp-content\/uploads\/sites\/2\/2026\/09\/Cape-Verde-Cover.webp 1000w, https:\/\/abroadescape.com\/nl\/wp-content\/uploads\/sites\/4\/2026\/09\/Cape-Verde-Cover-980x821.webp 980w, https:\/\/abroadescape.com\/nl\/wp-content\/uploads\/sites\/4\/2026\/09\/Cape-Verde-Cover-480x402.webp 480w\" sizes=\"(min-width: 0px) and (max-width: 480px) 480px, (min-width: 481px) and (max-width: 980px) 980px, (min-width: 981px) 1000px, 100vw\" class=\"wp-image-7251\" alt=\"Volunteer group visiting the colourful Tarrafal sign on Santiago Island, showing the Cape Verde setting of Abroad Escape volunteer programs.\" \/><\/span><\/div>\n<\/div>\n<\/div>\n\n<div class=\"et_pb_row_10 et_pb_row et_flex_row\">\n<div class=\"et_pb_column_15 et_pb_column et-last-child et_flex_column et_pb_css_mix_blend_mode_passthrough et_flex_column_24_24 et_flex_column_24_24_tablet et_flex_column_24_24_phone\">\n<div class=\"et_pb_toggle_3 et_pb_toggle et_pb_toggle_item et_pb_toggle_close et_pb_module et_flex_module\"><h5 class=\"et_pb_toggle_title\">Que allez-vous faire ?<\/h5><div class=\"et_pb_toggle_content clearfix et_flex_module\"><h5><span>Que allez-vous faire ?<\/span><\/h5>\n<h3><span>Points forts<\/span><\/h3>\n<ul data-spread=\"false\">\n<li><span>Accompagner des enfants, adolescents et jeunes adultes<\/span><\/li>\n<li><span>Participer aux soins quotidiens<\/span><\/li>\n<li><span>Activit\u00e9s \u00e9ducatives et cr\u00e9atives<\/span><\/li>\n<li><span>Activit\u00e9s sensorielles et jeux<\/span><\/li>\n<li><span>Communication et interaction<\/span><\/li>\n<li><span>Physioth\u00e9rapie et stimulation motrice sous supervision<\/span><\/li>\n<li><span>Activit\u00e9s r\u00e9cr\u00e9atives<\/span><\/li>\n<li><span>Alimentation et repas<\/span><\/li>\n<li><span>Collaboration avec des membres de l\u2019\u00e9quipe locale form\u00e9s<\/span><\/li>\n<\/ul>\n<h3><span>Que allez-vous faire ?<\/span><\/h3>\n<p class=\"isSelectedEnd\"><span>Le travail se d\u00e9roule dans un centre local sp\u00e9cialis\u00e9. Votre r\u00f4le consiste \u00e0 soutenir les personnes accueillies dans leurs activit\u00e9s quotidiennes.<\/span><\/p>\n<p class=\"isSelectedEnd\"><span>Selon les besoins du centre et des personnes accompagn\u00e9es, vous pourrez :<\/span><\/p>\n<ul data-spread=\"false\">\n<li><span>Participer aux routines quotidiennes<\/span><\/li>\n<li><span>Participer aux activit\u00e9s \u00e9ducatives<\/span><\/li>\n<li><span>Organiser des activit\u00e9s cr\u00e9atives et r\u00e9cr\u00e9atives<\/span><\/li>\n<li><span>Utiliser des jeux et activit\u00e9s sensorielles<\/span><\/li>\n<li><span>Favoriser la communication et les interactions<\/span><\/li>\n<li><span>Participer \u00e0 la physioth\u00e9rapie et \u00e0 la stimulation motrice sous supervision<\/span><\/li>\n<li><span>Aider \u00e0 distribuer les repas et accompagner les personnes pendant les repas<\/span><\/li>\n<li><span>Contribuer \u00e0 cr\u00e9er un environnement s\u00fbr et accueillant<\/span><\/li>\n<li><span>Soutenir des activit\u00e9s favorisant l\u2019inclusion et la participation<\/span><\/li>\n<\/ul>\n<p class=\"isSelectedEnd\"><span>Les volontaires ayant une exp\u00e9rience professionnelle ou une formation pertinente peuvent \u00e9ventuellement apporter un soutien suppl\u00e9mentaire, mais toujours sous la supervision de professionnels locaux.<\/span><\/p>\n<h3><span>\u00c0 qui s\u2019adresse ce projet ?<\/span><\/h3>\n<p class=\"isSelectedEnd\"><span>Ce projet convient particuli\u00e8rement aux personnes patientes et empathiques qui sont \u00e0 l\u2019aise avec des personnes ayant des besoins physiques, cognitifs ou sensoriels diff\u00e9rents.<\/span><\/p>\n<p class=\"isSelectedEnd\"><span>Il peut \u00eatre exigeant sur le plan \u00e9motionnel et mental. Les progr\u00e8s peuvent \u00eatre progressifs et la communication parfois difficile. Il est important de respecter les limites de chacun et de savoir travailler avec patience.<\/span><\/p>\n<h3><span>Travailler avec l\u2019\u00e9quipe locale<\/span><\/h3>\n<p class=\"isSelectedEnd\"><span>Vous travaillez avec des accompagnateurs locaux form\u00e9s et des professionnels. Il ne s\u2019agit <\/span><strong><span>pas d\u2019un stage m\u00e9dical<\/span><\/strong><span> et les volontaires ne fournissent pas de soins m\u00e9dicaux ou th\u00e9rapeutiques de mani\u00e8re autonome.<\/span><\/p>\n<p class=\"isSelectedEnd\"><span>L\u2019\u00e9quipe locale encadre les activit\u00e9s et d\u00e9termine les besoins en mati\u00e8re de soutien.<\/span><\/p>\n<h3><span>Une semaine type<\/span><\/h3>\n<p class=\"isSelectedEnd\"><span>Le programme d\u00e9pend des activit\u00e9s du centre et des besoins des personnes qui y sont accompagn\u00e9es.<\/span><\/p>\n<p class=\"isSelectedEnd\"><span>La premi\u00e8re semaine comprend l\u2019orientation et une introduction aux environs avant de commencer les activit\u00e9s au centre. Au cours de la deuxi\u00e8me semaine, vous vous familiarisez davantage avec les routines et pouvez jouer un r\u00f4le plus important dans les activit\u00e9s.<\/span><\/p>\n<h3><span>Bon \u00e0 savoir<\/span><\/h3>\n<p class=\"isSelectedEnd\"><span>Il s\u2019agit de l\u2019un des projets de volontariat les plus exigeants au Cap-Vert. Il demande de la patience, de la r\u00e9silience et la capacit\u00e9 de travailler au rythme des personnes que vous accompagnez.<\/span><\/p>\n<p class=\"isSelectedEnd\"><span>Si vous \u00eates r\u00e9ellement int\u00e9ress\u00e9 par l\u2019accompagnement de personnes en situation de handicap et souhaitez travailler avec une \u00e9quipe locale d\u00e9j\u00e0 en place, ce projet peut vous correspondre.<\/span><\/p>\n<h3><\/h3>\n<\/div><\/div>\n<\/div>\n<\/div>\n<\/div>\n\n<div class=\"et_pb_section_6 et_pb_section et_section_regular et_flex_section\">\n<div class=\"et_pb_row_11 et_pb_row et_flex_row\">\n<div class=\"et_pb_column_16 et_pb_column et_flex_column et_pb_css_mix_blend_mode_passthrough et_flex_column_12_24 et_flex_column_12_24_tablet et_flex_column_24_24_phone\">\n<div class=\"et_pb_text_7 et_pb_text et_pb_bg_layout_light et_pb_module et_flex_module\"><div class=\"et_pb_text_inner\"><h3><span>Construction et r\u00e9novation<\/span><\/h3>\n<p><span>Vous participez \u00e0 des travaux pratiques de r\u00e9novation et d\u2019am\u00e9lioration dans des \u00e9coles \u00e0 Tarrafal et dans les environs. Il peut s\u2019agir notamment de salles de classe, de biblioth\u00e8ques, d\u2019aires de jeux et d\u2019autres infrastructures, en collaboration avec l\u2019\u00e9quipe locale.<\/span><\/p>\n<\/div><\/div>\n<\/div>\n\n<div class=\"et_pb_column_17 et_pb_column et-last-child et_flex_column et_pb_css_mix_blend_mode_passthrough et_flex_column_12_24 et_flex_column_12_24_tablet et_flex_column_24_24_phone\">\n<div class=\"et_pb_image_5 et_pb_image et_pb_module et_flex_module\"><span class=\"et_pb_image_wrap\"><img loading=\"lazy\" decoding=\"async\" src=\"https:\/\/abroadescape.com\/fr\/wp-content\/uploads\/sites\/2\/2026\/09\/Cape-Verde-Tarrafal-Renovation-Project-18.webp\" title=\"Cape-Verde-Tarrafal - Renovation Project (18)\" width=\"1000\" height=\"750\" srcset=\"https:\/\/abroadescape.com\/fr\/wp-content\/uploads\/sites\/2\/2026\/09\/Cape-Verde-Tarrafal-Renovation-Project-18.webp 1000w, https:\/\/abroadescape.com\/nl\/wp-content\/uploads\/sites\/4\/2026\/09\/Cape-Verde-Tarrafal-Renovation-Project-18-980x735.webp 980w, https:\/\/abroadescape.com\/nl\/wp-content\/uploads\/sites\/4\/2026\/09\/Cape-Verde-Tarrafal-Renovation-Project-18-480x360.webp 480w\" sizes=\"(min-width: 0px) and (max-width: 480px) 480px, (min-width: 481px) and (max-width: 980px) 980px, (min-width: 981px) 1000px, 100vw\" class=\"wp-image-7252\" alt=\"Volunteer group visiting the colourful Tarrafal sign on Santiago Island, showing the Cape Verde setting of Abroad Escape volunteer programs.\" \/><\/span><\/div>\n<\/div>\n<\/div>\n\n<div class=\"et_pb_row_12 et_pb_row et_flex_row\">\n<div class=\"et_pb_column_18 et_pb_column et-last-child et_flex_column et_pb_css_mix_blend_mode_passthrough et_flex_column_24_24 et_flex_column_24_24_tablet et_flex_column_24_24_phone\">\n<div class=\"et_pb_toggle_4 et_pb_toggle et_pb_toggle_item et_pb_toggle_close et_pb_module et_flex_module\"><h5 class=\"et_pb_toggle_title\">Que allez-vous faire ?<\/h5><div class=\"et_pb_toggle_content clearfix et_flex_module\"><h3><span>Points forts<\/span><\/h3>\n<ul data-spread=\"false\">\n<li><span>Peinture<\/span><\/li>\n<li><span>Ma\u00e7onnerie<\/span><\/li>\n<li><span>Menuiserie<\/span><\/li>\n<li><span>Entretien des jardins et des espaces ext\u00e9rieurs<\/span><\/li>\n<li><span>R\u00e9parations<\/span><\/li>\n<li><span>Peintures murales<\/span><\/li>\n<li><span>Infrastructures scolaires et communautaires<\/span><\/li>\n<li><span>Travail pratique et manuel<\/span><\/li>\n<\/ul>\n<h3><span>Que allez-vous faire ?<\/span><\/h3>\n<p class=\"isSelectedEnd\"><span>Le travail d\u00e9pend des besoins actuels des \u00e9coles et des infrastructures. Les t\u00e2ches peuvent notamment comprendre :<\/span><\/p>\n<ul data-spread=\"false\">\n<li><span>Peindre des salles de classe et autres espaces<\/span><\/li>\n<li><span>Effectuer des travaux de ma\u00e7onnerie<\/span><\/li>\n<li><span>R\u00e9aliser des travaux de base sur le bois<\/span><\/li>\n<li><span>Entretenir les jardins et espaces ext\u00e9rieurs<\/span><\/li>\n<li><span>Effectuer des r\u00e9parations g\u00e9n\u00e9rales<\/span><\/li>\n<li><span>Participer \u00e0 l\u2019am\u00e9lioration des aires de jeux<\/span><\/li>\n<li><span>R\u00e9nover des biblioth\u00e8ques et des salles de classe<\/span><\/li>\n<li><span>Cr\u00e9er des peintures murales et autres am\u00e9liorations des espaces d\u2019apprentissage<\/span><\/li>\n<\/ul>\n<p class=\"isSelectedEnd\"><span>Vous travaillez au sein d\u2019une \u00e9quipe pratique et les t\u00e2ches sp\u00e9cifiques peuvent \u00e9voluer pendant votre s\u00e9jour.<\/span><\/p>\n<h3><span>\u00c0 qui s\u2019adresse ce projet ?<\/span><\/h3>\n<p class=\"isSelectedEnd\"><span>Ce projet convient aux personnes qui pr\u00e9f\u00e8rent travailler de mani\u00e8re pratique et manuelle et qui n\u2019ont pas peur d\u2019effectuer des t\u00e2ches physiques.<\/span><\/p>\n<p class=\"isSelectedEnd\"><span>Une exp\u00e9rience dans le domaine de la construction peut \u00eatre utile, mais le projet convient \u00e9galement aux volontaires qui aiment travailler de leurs mains et apprendre sur le terrain.<\/span><\/p>\n<h3><span>Travailler avec l\u2019\u00e9quipe locale<\/span><\/h3>\n<p class=\"isSelectedEnd\"><span>Vous travaillez avec les personnes responsables du projet et suivez leurs instructions concernant les travaux \u00e0 effectuer.<\/span><\/p>\n<p class=\"isSelectedEnd\"><span>La s\u00e9curit\u00e9 est importante, notamment pour les travaux physiques ou l\u2019utilisation d\u2019outils et de mat\u00e9riaux.<\/span><\/p>\n<h3><span>Une semaine type<\/span><\/h3>\n<p class=\"isSelectedEnd\"><span>Le projet se d\u00e9roule du lundi au vendredi.<\/span><\/p>\n<p class=\"isSelectedEnd\"><span>La premi\u00e8re journ\u00e9e comprend l\u2019orientation, une introduction au Kriolu et aux environs, puis le d\u00e9but du projet.<\/span><\/p>\n<p class=\"isSelectedEnd\"><span>Du mardi au vendredi, vous passez g\u00e9n\u00e9ralement vos journ\u00e9es sur le site \u00e0 effectuer des travaux de r\u00e9novation, de r\u00e9paration ou d\u2019am\u00e9lioration.<\/span><\/p>\n<h3><span>Bon \u00e0 savoir<\/span><\/h3>\n<p class=\"isSelectedEnd\"><span>Il s\u2019agit d\u2019un <\/span><strong><span>travail physique<\/span><\/strong><span>. Attendez-vous \u00e0 passer du temps \u00e0 l\u2019ext\u00e9rieur et \u00e0 travailler de mani\u00e8re pratique plut\u00f4t qu\u2019en classe ou dans un bureau.<\/span><\/p>\n<p><span>Les travaux exacts d\u00e9pendent des besoins des \u00e9coles et des infrastructures \u00e0 ce moment-l\u00e0. La flexibilit\u00e9 est donc importante.<\/span><\/p>\n<\/div><\/div>\n<\/div>\n<\/div>\n<\/div>\n\n<div class=\"et_pb_section_7 et_pb_section et_section_regular et_flex_section\">\n<div class=\"et_pb_row_13 et_pb_row et_flex_row\">\n<div class=\"et_pb_column_19 et_pb_column et_flex_column et_pb_css_mix_blend_mode_passthrough et_flex_column_12_24 et_flex_column_12_24_tablet et_flex_column_24_24_phone\">\n<div class=\"et_pb_text_8 et_pb_text et_pb_bg_layout_light et_pb_module et_flex_module\"><div class=\"et_pb_text_inner\"><h3><span>Coaching sportif<\/span><\/h3>\n<p><span>Vous utilisez le football et le basketball pour travailler avec des enfants et des adolescents \u00e0 Tarrafal. Vous participez aux entra\u00eenements, aux jeux et aux activit\u00e9s ax\u00e9es sur la participation, l\u2019esprit d\u2019\u00e9quipe et le d\u00e9veloppement des comp\u00e9tences sportives.<\/span><\/p>\n<\/div><\/div>\n<\/div>\n\n<div class=\"et_pb_column_20 et_pb_column et-last-child et_flex_column et_pb_css_mix_blend_mode_passthrough et_flex_column_12_24 et_flex_column_12_24_tablet et_flex_column_24_24_phone\">\n<div class=\"et_pb_image_6 et_pb_image et_pb_module et_flex_module\"><span class=\"et_pb_image_wrap\"><img loading=\"lazy\" decoding=\"async\" src=\"https:\/\/abroadescape.com\/fr\/wp-content\/uploads\/sites\/2\/2026\/09\/Cape-Verde-Sports-Coaching-Tarrafal-3.webp\" title=\"Cape-Verde-Sports Coaching - Tarrafal (3)\" width=\"1000\" height=\"750\" srcset=\"https:\/\/abroadescape.com\/fr\/wp-content\/uploads\/sites\/2\/2026\/09\/Cape-Verde-Sports-Coaching-Tarrafal-3.webp 1000w, https:\/\/abroadescape.com\/nl\/wp-content\/uploads\/sites\/4\/2026\/09\/Cape-Verde-Sports-Coaching-Tarrafal-3-980x735.webp 980w, https:\/\/abroadescape.com\/nl\/wp-content\/uploads\/sites\/4\/2026\/09\/Cape-Verde-Sports-Coaching-Tarrafal-3-480x360.webp 480w\" sizes=\"(min-width: 0px) and (max-width: 480px) 480px, (min-width: 481px) and (max-width: 980px) 980px, (min-width: 981px) 1000px, 100vw\" class=\"wp-image-7253\" alt=\"Volunteer group visiting the colourful Tarrafal sign on Santiago Island, showing the Cape Verde setting of Abroad Escape volunteer programs.\" \/><\/span><\/div>\n<\/div>\n<\/div>\n\n<div class=\"et_pb_row_14 et_pb_row et_flex_row\">\n<div class=\"et_pb_column_21 et_pb_column et-last-child et_flex_column et_pb_css_mix_blend_mode_passthrough et_flex_column_24_24 et_flex_column_24_24_tablet et_flex_column_24_24_phone\">\n<div class=\"et_pb_toggle_5 et_pb_toggle et_pb_toggle_item et_pb_toggle_close et_pb_module et_flex_module\"><h5 class=\"et_pb_toggle_title\">Que allez-vous faire ?<\/h5><div class=\"et_pb_toggle_content clearfix et_flex_module\"><h3><span>Points forts<\/span><\/h3>\n<ul data-spread=\"false\">\n<li><span>Football<\/span><\/li>\n<li><span>Basketball<\/span><\/li>\n<li><span>\u00c9chauffements et exercices<\/span><\/li>\n<li><span>D\u00e9veloppement des comp\u00e9tences<\/span><\/li>\n<li><span>Jeux d\u2019\u00e9quipe et matchs<\/span><\/li>\n<li><span>Renforcement de l\u2019esprit d\u2019\u00e9quipe<\/span><\/li>\n<li><span>Travail avec diff\u00e9rents \u00e2ges et niveaux<\/span><\/li>\n<li><span>Activit\u00e9s sportives r\u00e9cr\u00e9atives<\/span><\/li>\n<\/ul>\n<h3><span>Que allez-vous faire ?<\/span><\/h3>\n<p class=\"isSelectedEnd\"><span>Vous travaillez avec des enfants d\u2019\u00e2ges et de niveaux diff\u00e9rents et participez \u00e0 l\u2019organisation et \u00e0 l\u2019encadrement des activit\u00e9s sportives.<\/span><\/p>\n<p class=\"isSelectedEnd\"><span>Les s\u00e9ances peuvent comprendre :<\/span><\/p>\n<ul data-spread=\"false\">\n<li><span>Exercices d\u2019\u00e9chauffement<\/span><\/li>\n<li><span>Exercices de football ou de basketball<\/span><\/li>\n<li><span>D\u00e9veloppement des comp\u00e9tences sportives<\/span><\/li>\n<li><span>Exercices de coh\u00e9sion d\u2019\u00e9quipe<\/span><\/li>\n<li><span>Matchs d\u2019entra\u00eenement et comp\u00e9titions<\/span><\/li>\n<li><span>Activit\u00e9s de retour au calme<\/span><\/li>\n<li><span>Activit\u00e9s sportives r\u00e9cr\u00e9atives<\/span><\/li>\n<\/ul>\n<p class=\"isSelectedEnd\"><span>Vous travaillez avec le coordinateur sportif local, qui peut aider \u00e0 d\u00e9terminer les activit\u00e9s et le niveau adapt\u00e9s.<\/span><\/p>\n<h3><span>\u00c0 qui s\u2019adresse ce projet ?<\/span><\/h3>\n<p class=\"isSelectedEnd\"><span>Ce projet convient aux personnes qui aiment le sport et qui appr\u00e9cient de travailler avec des enfants et des adolescents.<\/span><\/p>\n<p class=\"isSelectedEnd\"><span>Vous n\u2019avez pas besoin d\u2019\u00eatre entra\u00eeneur professionnel, mais vous devez \u00eatre \u00e0 l\u2019aise avec les activit\u00e9s physiques et pouvoir travailler avec diff\u00e9rents \u00e2ges et niveaux.<\/span><\/p>\n<h3><span>Travailler avec l\u2019\u00e9quipe locale<\/span><\/h3>\n<p class=\"isSelectedEnd\"><span>Vous travaillez avec le coordinateur sportif local et n\u2019organisez pas enti\u00e8rement les entra\u00eenements de mani\u00e8re autonome. Les activit\u00e9s peuvent \u00eatre adapt\u00e9es \u00e0 l\u2019\u00e2ge, aux comp\u00e9tences et aux besoins des participants.<\/span><\/p>\n<p class=\"isSelectedEnd\"><span>Il ne s\u2019agit pas uniquement de performances sportives. Les s\u00e9ances peuvent \u00e9galement favoriser l\u2019esprit d\u2019\u00e9quipe, la confiance en soi, la discipline et la r\u00e9silience.<\/span><\/p>\n<h3><span>Une semaine type<\/span><\/h3>\n<p class=\"isSelectedEnd\"><span>Le projet se d\u00e9roule du <\/span><strong><span>lundi au vendredi<\/span><\/strong><span>.<\/span><\/p>\n<p class=\"isSelectedEnd\"><span>Vous participez aux activit\u00e9s sportives tout au long de la semaine. Les s\u00e9ances exactes d\u00e9pendent de l\u2019\u00e2ge, des comp\u00e9tences et des centres d\u2019int\u00e9r\u00eat des enfants et des adolescents participants.<\/span><\/p>\n<h3><span>Bon \u00e0 savoir<\/span><\/h3>\n<p class=\"isSelectedEnd\"><span>L\u2019accent est mis sur <\/span><strong><span>le football et le basketball<\/span><\/strong><span>. Ce projet convient donc surtout si l\u2019un de ces sports, ou les deux, vous int\u00e9ressent.<\/span><\/p>\n<p><span>Vous devez \u00eatre pr\u00eat \u00e0 adapter les activit\u00e9s aux diff\u00e9rents niveaux et ne pas vous attendre \u00e0 ce que tous les participants aient les m\u00eames comp\u00e9tences sportives.<\/span><\/p>\n<\/div><\/div>\n<\/div>\n<\/div>\n<\/div>\n\n<div class=\"et_pb_section_8 et_pb_section et_section_regular et_flex_section\">\n<div class=\"et_pb_row_15 et_pb_row et_flex_row\">\n<div class=\"et_pb_column_22 et_pb_column et_flex_column et_pb_css_mix_blend_mode_passthrough et_flex_column_12_24 et_flex_column_12_24_tablet et_flex_column_24_24_phone\">\n<div class=\"et_pb_text_9 et_pb_text et_pb_bg_layout_light et_pb_module et_flex_module\"><div class=\"et_pb_text_inner\"><h3><span>Agriculture<\/span><\/h3>\n<p><span>Vous travaillez avec des agriculteurs locaux \u00e0 Tarrafal et dans les environs et d\u00e9couvrez les m\u00e9thodes agricoles traditionnelles. Le travail est pratique et varie selon la saison et les activit\u00e9s n\u00e9cessaires dans les exploitations au moment de votre s\u00e9jour.<\/span><\/p>\n<\/div><\/div>\n<\/div>\n\n<div class=\"et_pb_column_23 et_pb_column et-last-child et_flex_column et_pb_css_mix_blend_mode_passthrough et_flex_column_12_24 et_flex_column_12_24_tablet et_flex_column_24_24_phone\">\n<div class=\"et_pb_image_7 et_pb_image et_pb_module et_flex_module\"><span class=\"et_pb_image_wrap\"><img loading=\"lazy\" decoding=\"async\" src=\"https:\/\/abroadescape.com\/fr\/wp-content\/uploads\/sites\/2\/2026\/09\/Cape-Verde-_Cape-Verde-Eco-Farming-7.webp\" title=\"Cape-Verde-_Cape Verde Eco Farming (7)\" width=\"1000\" height=\"750\" srcset=\"https:\/\/abroadescape.com\/fr\/wp-content\/uploads\/sites\/2\/2026\/09\/Cape-Verde-_Cape-Verde-Eco-Farming-7.webp 1000w, https:\/\/abroadescape.com\/nl\/wp-content\/uploads\/sites\/4\/2026\/09\/Cape-Verde-_Cape-Verde-Eco-Farming-7-980x735.webp 980w, https:\/\/abroadescape.com\/nl\/wp-content\/uploads\/sites\/4\/2026\/09\/Cape-Verde-_Cape-Verde-Eco-Farming-7-480x360.webp 480w\" sizes=\"(min-width: 0px) and (max-width: 480px) 480px, (min-width: 481px) and (max-width: 980px) 980px, (min-width: 981px) 1000px, 100vw\" class=\"wp-image-7254\" alt=\"Volunteer group visiting the colourful Tarrafal sign on Santiago Island, showing the Cape Verde setting of Abroad Escape volunteer programs.\" \/><\/span><\/div>\n<\/div>\n<\/div>\n\n<div class=\"et_pb_row_16 et_pb_row et_flex_row\">\n<div class=\"et_pb_column_24 et_pb_column et-last-child et_flex_column et_pb_css_mix_blend_mode_passthrough et_flex_column_24_24 et_flex_column_24_24_tablet et_flex_column_24_24_phone\">\n<div class=\"et_pb_toggle_6 et_pb_toggle et_pb_toggle_item et_pb_toggle_close et_pb_module et_flex_module\"><h5 class=\"et_pb_toggle_title\">Que allez-vous faire ?<\/h5><div class=\"et_pb_toggle_content clearfix et_flex_module\"><h3><span>Points forts<\/span><\/h3>\n<ul data-spread=\"false\">\n<li><span>Pr\u00e9paration des sols<\/span><\/li>\n<li><span>Plantation<\/span><\/li>\n<li><span>R\u00e9colte<\/span><\/li>\n<li><span>Soins aux animaux<\/span><\/li>\n<li><span>Travail avec des agriculteurs locaux<\/span><\/li>\n<li><span>M\u00e9thodes agricoles traditionnelles<\/span><\/li>\n<li><span>Travail ext\u00e9rieur et pratique<\/span><\/li>\n<li><span>Activit\u00e9s saisonni\u00e8res<\/span><\/li>\n<\/ul>\n<h3><span>Que allez-vous faire ?<\/span><\/h3>\n<p class=\"isSelectedEnd\"><span>Vos activit\u00e9s d\u00e9pendent des besoins des agriculteurs locaux et de ce qui se passe \u00e0 ce moment-l\u00e0 dans le cycle de culture.<\/span><\/p>\n<p class=\"isSelectedEnd\"><span>Vous pourrez notamment participer \u00e0 :<\/span><\/p>\n<ul data-spread=\"false\">\n<li><span>La pr\u00e9paration des sols<\/span><\/li>\n<li><span>La plantation des cultures<\/span><\/li>\n<li><span>La r\u00e9colte<\/span><\/li>\n<li><span>Les soins aux animaux<\/span><\/li>\n<li><span>Des travaux g\u00e9n\u00e9raux dans l\u2019exploitation<\/span><\/li>\n<li><span>D\u2019autres t\u00e2ches pratiques n\u00e9cessaires sur place<\/span><\/li>\n<\/ul>\n<p class=\"isSelectedEnd\"><span>Le projet vous donne l\u2019occasion de passer du temps avec des agriculteurs locaux et de d\u00e9couvrir les pratiques agricoles de la r\u00e9gion.<\/span><\/p>\n<h3><span>\u00c0 qui s\u2019adresse ce projet ?<\/span><\/h3>\n<p class=\"isSelectedEnd\"><span>L\u2019agriculture vous conviendra si vous aimez \u00eatre \u00e0 l\u2019ext\u00e9rieur, pr\u00e9f\u00e9rez le travail pratique et vous int\u00e9ressez \u00e0 l\u2019agriculture locale.<\/span><\/p>\n<p class=\"isSelectedEnd\"><span>Vous devez \u00eatre \u00e0 l\u2019aise avec le travail physique et accepter que les t\u00e2ches puissent varier d\u2019une semaine \u00e0 l\u2019autre.<\/span><\/p>\n<h3><span>Travailler avec les agriculteurs locaux<\/span><\/h3>\n<p class=\"isSelectedEnd\"><span>Vous travaillez directement avec des agriculteurs locaux et suivez leurs indications concernant les t\u00e2ches \u00e0 effectuer.<\/span><\/p>\n<p class=\"isSelectedEnd\"><span>Le travail est d\u00e9termin\u00e9 par les besoins r\u00e9els de l\u2019exploitation et non par une liste fixe d\u2019activit\u00e9s.<\/span><\/p>\n<h3><span>Une semaine type<\/span><\/h3>\n<p class=\"isSelectedEnd\"><span>Le projet s\u2019adapte aux activit\u00e9s agricoles qui ont lieu pendant votre s\u00e9jour.<\/span><\/p>\n<p class=\"isSelectedEnd\"><span>Une semaine type peut comprendre une orientation le lundi, du travail dans une exploitation du mardi au jeudi et des activit\u00e9s sur le terrain ou un temps de r\u00e9flexion le vendredi.<\/span><\/p>\n<p class=\"isSelectedEnd\"><span>Le programme exact peut changer selon la saison et les conditions de culture.<\/span><\/p>\n<h3><span>Bon \u00e0 savoir<\/span><\/h3>\n<p><strong><span>L\u2019agriculture est saisonni\u00e8re.<\/span><\/strong><span> Le type de travail disponible d\u00e9pend des conditions de culture et des besoins locaux au moment de votre arriv\u00e9e.<\/span><\/p>\n<\/div><\/div>\n<\/div>\n<\/div>\n<\/div>\n\n<div class=\"et_pb_section_9 et_pb_section et_section_regular et_flex_section\">\n<div class=\"et_pb_row_17 et_pb_row et_flex_row\">\n<div class=\"et_pb_column_25 et_pb_column et_flex_column et_pb_css_mix_blend_mode_passthrough et_flex_column_12_24 et_flex_column_12_24_tablet et_flex_column_24_24_phone\">\n<div class=\"et_pb_text_10 et_pb_text et_pb_bg_layout_light et_pb_module et_flex_module\"><div class=\"et_pb_text_inner\"><h3><span>Protection des tortues marines<\/span><\/h3>\n<p><span>Vous pouvez participer \u00e0 un projet saisonnier de protection des tortues marines sur les plages du nord de Santiago. Vous effectuez des patrouilles sur la plage, observez les tortues en p\u00e9riode de ponte et contribuez \u00e0 prot\u00e9ger les nids et les jeunes tortues.<\/span><\/p>\n<\/div><\/div>\n<\/div>\n\n<div class=\"et_pb_column_26 et_pb_column et-last-child et_flex_column et_pb_css_mix_blend_mode_passthrough et_flex_column_12_24 et_flex_column_12_24_tablet et_flex_column_24_24_phone\">\n<div class=\"et_pb_image_8 et_pb_image et_pb_module et_flex_module\"><span class=\"et_pb_image_wrap\"><img loading=\"lazy\" decoding=\"async\" src=\"https:\/\/abroadescape.com\/fr\/wp-content\/uploads\/sites\/2\/2026\/09\/Cape-Verde-Group.webp\" title=\"Cape-Verde-Group\" width=\"1000\" height=\"750\" srcset=\"https:\/\/abroadescape.com\/fr\/wp-content\/uploads\/sites\/2\/2026\/09\/Cape-Verde-Group.webp 1000w, https:\/\/abroadescape.com\/nl\/wp-content\/uploads\/sites\/4\/2026\/09\/Cape-Verde-Group-980x735.webp 980w, https:\/\/abroadescape.com\/nl\/wp-content\/uploads\/sites\/4\/2026\/09\/Cape-Verde-Group-480x360.webp 480w\" sizes=\"(min-width: 0px) and (max-width: 480px) 480px, (min-width: 481px) and (max-width: 980px) 980px, (min-width: 981px) 1000px, 100vw\" class=\"wp-image-7255\" alt=\"Volunteer group visiting the colourful Tarrafal sign on Santiago Island, showing the Cape Verde setting of Abroad Escape volunteer programs.\" \/><\/span><\/div>\n<\/div>\n<\/div>\n\n<div class=\"et_pb_row_18 et_pb_row et_flex_row\">\n<div class=\"et_pb_column_27 et_pb_column et-last-child et_flex_column et_pb_css_mix_blend_mode_passthrough et_flex_column_24_24 et_flex_column_24_24_tablet et_flex_column_24_24_phone\">\n<div class=\"et_pb_toggle_7 et_pb_toggle et_pb_toggle_item et_pb_toggle_close et_pb_module et_flex_module\"><h5 class=\"et_pb_toggle_title\">Que allez-vous faire ?<\/h5><div class=\"et_pb_toggle_content clearfix et_flex_module\"><h3><span>Points forts<\/span><\/h3>\n<ul data-spread=\"false\">\n<li><span>Patrouilles nocturnes sur les plages<\/span><\/li>\n<li><span>Observation des tortues en p\u00e9riode de ponte<\/span><\/li>\n<li><span>D\u00e9placement de nids lorsque cela est n\u00e9cessaire<\/span><\/li>\n<li><span>Protection des zones de ponte<\/span><\/li>\n<li><span>Collecte de donn\u00e9es biologiques<\/span><\/li>\n<li><span>Nettoyage des plages<\/span><\/li>\n<li><span>Activit\u00e9s de sensibilisation et de conservation<\/span><\/li>\n<li><span>Nuit\u00e9es sur la plage<\/span><\/li>\n<\/ul>\n<h3><span>Que allez-vous faire ?<\/span><\/h3>\n<p class=\"isSelectedEnd\"><span>Pendant la saison de ponte, le projet se concentre sur la protection et le suivi des tortues caouannes.<\/span><\/p>\n<p class=\"isSelectedEnd\"><span>Selon les besoins, vous pourrez :<\/span><\/p>\n<ul data-spread=\"false\">\n<li><span>Effectuer des patrouilles nocturnes sur les plages<\/span><\/li>\n<li><span>Observer les femelles en p\u00e9riode de ponte<\/span><\/li>\n<li><span>Enregistrer des informations sur leur comportement de ponte<\/span><\/li>\n<li><span>D\u00e9placer des nids lorsque cela est n\u00e9cessaire<\/span><\/li>\n<li><span>Participer \u00e0 la protection des zones de ponte<\/span><\/li>\n<li><span>Collecter des donn\u00e9es biologiques<\/span><\/li>\n<li><span>Participer au nettoyage des plages<\/span><\/li>\n<li><span>Soutenir des ateliers de sensibilisation \u00e0 la conservation<\/span><\/li>\n<\/ul>\n<p class=\"isSelectedEnd\"><span>Le projet se d\u00e9roule autour des plages de <\/span><strong><span>Ribeira da Prata et de Tarrafal<\/span><\/strong><span>, dans le nord de Santiago.<\/span><\/p>\n<h3><span>\u00c0 qui s\u2019adresse ce projet ?<\/span><\/h3>\n<p class=\"isSelectedEnd\"><span>Ce projet convient aux personnes qui s\u2019int\u00e9ressent r\u00e9ellement \u00e0 la conservation de la nature et qui sont \u00e0 l\u2019aise avec un rythme tr\u00e8s diff\u00e9rent de celui d\u2019un projet de volontariat en journ\u00e9e.<\/span><\/p>\n<p class=\"isSelectedEnd\"><span>Vous devez \u00eatre pr\u00eat \u00e0 <\/span><strong><span>travailler la nuit et \u00e0 passer de longues heures \u00e0 l\u2019ext\u00e9rieur<\/span><\/strong><span>.<\/span><\/p>\n<h3><span>Une nuit type<\/span><\/h3>\n<p class=\"isSelectedEnd\"><span>Les activit\u00e9s de conservation se d\u00e9roulent la nuit.<\/span><\/p>\n<p class=\"isSelectedEnd\"><span>Une journ\u00e9e type commence vers <\/span><strong><span>19 h 30 avec le d\u00eener<\/span><\/strong><span>, suivi du d\u00e9part pour la plage vers 20 h. Les patrouilles se poursuivent ensuite pendant la nuit, avec un retour vers 6 h.<\/span><\/p>\n<p class=\"isSelectedEnd\"><span>L\u2019organisation exacte peut varier en fonction de l\u2019activit\u00e9 des tortues et des conditions locales. Il peut \u00e9galement arriver que le travail ait lieu le samedi.<\/span><\/p>\n<h3><span>Bon \u00e0 savoir<\/span><\/h3>\n<p class=\"isSelectedEnd\"><span>Il s\u2019agit d\u2019un <\/span><strong><span>projet saisonnier avec des dates de d\u00e9but fixes<\/span><\/strong><span>. Contrairement aux autres projets au Cap-Vert, il n\u2019est pas possible de commencer n\u2019importe quel lundi.<\/span><\/p>\n<p class=\"isSelectedEnd\"><span>Le projet comprend \u00e9galement <\/span><strong><span>des nuit\u00e9es sur la plage et du travail de conservation pendant la nuit<\/span><\/strong><span>. Il est donc important de bien comprendre ce rythme avant de choisir ce projet.<\/span><\/p>\n<h3><span>Dates de d\u00e9but<\/span><\/h3>\n<p class=\"isSelectedEnd\"><span>Le projet de protection des tortues marines propose des dates de d\u00e9but fixes qui d\u00e9pendent de la saison.<\/span><\/p>\n<p class=\"isSelectedEnd\"><strong><span>2026 :<\/span><\/strong><span> 21 septembre, 28 septembre, 5 octobre, 12 octobre, 19 octobre, 26 octobre<\/span><\/p>\n<p><strong><span>2027 :<\/span><\/strong><span> 5 juillet, 12 juillet, 19 juillet, 26 juillet, 2 ao\u00fbt, 9 ao\u00fbt, 16 ao\u00fbt, 23 ao\u00fbt, 30 ao\u00fbt, 6 septembre, 13 septembre, 20 septembre, 27 septembre, 4 octobre, 11 octobre, 18 octobre, 25 octobre<\/span><\/p>\n<\/div><\/div>\n<\/div>\n<\/div>\n<\/div>\n\n<div class=\"et_pb_section_10 et_pb_section et_section_regular et_flex_section\">\n<div class=\"et_pb_row_19 et_pb_row et_flex_row\">\n<div class=\"et_pb_column_28 et_pb_column et-last-child et_flex_column et_pb_css_mix_blend_mode_passthrough et_flex_column_24_24 et_flex_column_24_24_tablet et_flex_column_24_24_phone\">\n<div class=\"et_pb_text_11 et_pb_text et_pb_bg_layout_light et_pb_module et_flex_module\"><div class=\"et_pb_text_inner\"><h2><span>Un message de Kurt<\/span><\/h2>\n<blockquote>\n<p class=\"isSelectedEnd\"><strong><span>Je sais que toutes ces possibilit\u00e9s peuvent sembler nombreuses.<\/span><\/strong><\/p>\n<p class=\"isSelectedEnd\"><span>Lorsque vous cherchez pour la premi\u00e8re fois un programme de volontariat au Cap-Vert, vous d\u00e9couvrez diff\u00e9rentes destinations, diff\u00e9rents projets, diff\u00e9rentes dur\u00e9es de s\u00e9jour et diff\u00e9rentes fa\u00e7ons de construire votre voyage. Cela peut rapidement devenir un peu compliqu\u00e9.<\/span><\/p>\n<p class=\"isSelectedEnd\"><span>Dites-nous ce que vous souhaitez retirer de votre voyage, quand vous souhaitez partir et ce qui vous fait h\u00e9siter. J\u2019examinerai votre projet et nous vous conseillerons sur les options qui nous semblent les plus adapt\u00e9es.<\/span><\/p>\n<p class=\"isSelectedEnd\"><strong><span>Je regarde personnellement votre demande.<\/span><\/strong><\/p>\n<p><strong><span>Kurt<\/span><\/strong><span> \u2014 Fondateur, Abroad Escape<\/span><\/p>\n<\/blockquote>\n<\/div><\/div>\n\n<div class=\"et_pb_module et_pb_button_module_wrapper et_pb_button_1_wrapper preset--module--divi-button--default_wrapper\"><a class=\"et_pb_button_1 et_pb_button et_pb_bg_layout_light et_pb_module et_flex_module preset--module--divi-button--default\" href=\"https:\/\/abroadescape.com\/fr\/contact\/\">Recevoir des conseils personnalis\u00e9s \u2192<\/a><\/div>\n<\/div>\n<\/div>\n<\/div>\n\n<div class=\"et_pb_section_11 et_pb_section et_section_regular et_flex_section\">\n<div class=\"et_pb_row_20 et_pb_row et_flex_row\">\n<div class=\"et_pb_column_29 et_pb_column et-last-child et_flex_column et_pb_css_mix_blend_mode_passthrough et_flex_column_24_24 et_flex_column_24_24_tablet et_flex_column_24_24_phone\">\n<div class=\"et_pb_text_12 et_pb_text et_pb_bg_layout_light et_pb_module et_flex_module\"><div class=\"et_pb_text_inner\"><h3><span>Combien de temps pouvez-vous faire du volontariat ?<\/span><\/h3>\n<p class=\"isSelectedEnd\"><span>Les programmes au Cap-Vert durent g\u00e9n\u00e9ralement <\/span><strong><span>de 1 \u00e0 8 semaines<\/span><\/strong><span>, selon le projet et les disponibilit\u00e9s.<\/span><\/p>\n<p class=\"isSelectedEnd\"><span>Le projet de protection des tortues marines a une <\/span><strong><span>dur\u00e9e minimale de deux semaines<\/span><\/strong><span>.<\/span><\/p>\n<h3><span>Arriv\u00e9e et introduction<\/span><\/h3>\n<p class=\"isSelectedEnd\"><span>Vous devez arriver le <\/span><strong><span>dimanche \u00e0 l\u2019a\u00e9roport international de Praia (RAI)<\/span><\/strong><span>.<\/span><\/p>\n<p class=\"isSelectedEnd\"><span>Le transfert depuis l\u2019a\u00e9roport est inclus le jour d\u2019arriv\u00e9e pr\u00e9vu. L\u2019\u00e9quipe locale vous conduit jusqu\u2019\u00e0 votre h\u00e9bergement \u00e0 Tarrafal.<\/span><\/p>\n<p class=\"isSelectedEnd\"><span>L\u2019introduction a normalement lieu le lundi et porte sur les informations pratiques, les habitudes locales, les attentes li\u00e9es au projet, la sant\u00e9 et la s\u00e9curit\u00e9, l\u2019h\u00e9bergement et le quotidien. Le planning exact du projet d\u00e9pend ensuite du placement choisi et des modalit\u00e9s locales.<\/span><\/p>\n<h3><span>H\u00e9bergement<\/span><\/h3>\n<p class=\"isSelectedEnd\"><span>Vous s\u00e9journez dans un h\u00e9bergement partag\u00e9 \u00e0 Tarrafal, dans des chambres partag\u00e9es s\u00e9par\u00e9es pour les hommes et les femmes.<\/span><\/p>\n<p class=\"isSelectedEnd\"><span>Une connexion Wi-Fi gratuite est disponible dans les espaces communs.<\/span><\/p>\n<h3><span>Repas<\/span><\/h3>\n<p class=\"isSelectedEnd\"><span>Les repas sont inclus.<\/span><\/p>\n<p class=\"isSelectedEnd\"><span>La formule standard est :<\/span><\/p>\n<ul data-spread=\"false\">\n<li><strong><span>Du lundi au vendredi :<\/span><\/strong><span> petit-d\u00e9jeuner, d\u00e9jeuner et d\u00eener<\/span><\/li>\n<li><strong><span>Le week-end :<\/span><\/strong><span> brunch et d\u00eener<\/span><\/li>\n<\/ul>\n<p><span>Les repas comprennent des plats cap-verdiens locaux ainsi que des options occidentales plus famili\u00e8res.<\/span><\/p>\n<\/div><\/div>\n<\/div>\n<\/div>\n<\/div>\n\n<div class=\"et_pb_section_12 et_pb_section et_section_regular et_flex_section\">\n<div class=\"et_pb_row_21 et_pb_row et_flex_row\">\n<div class=\"et_pb_column_30 et_pb_column et-last-child et_flex_column et_pb_css_mix_blend_mode_passthrough et_flex_column_24_24 et_flex_column_24_24_tablet et_flex_column_24_24_phone\">\n<div class=\"et_pb_image_9 et_pb_image et_pb_module et_flex_module\"><span class=\"et_pb_image_wrap\"><img loading=\"lazy\" decoding=\"async\" src=\"https:\/\/abroadescape.com\/fr\/wp-content\/uploads\/sites\/2\/2026\/09\/CapeVerde-_childcare.webp\" alt=\"Volunteer helping children with writing activities in a classroom in Tarrafal, showing the childcare and teaching focus of Abroad Escape volunteer programs in Cape Verde.\" title=\"CapeVerde-_childcare\" width=\"1600\" height=\"720\" srcset=\"https:\/\/abroadescape.com\/fr\/wp-content\/uploads\/sites\/2\/2026\/09\/CapeVerde-_childcare.webp 1600w, https:\/\/abroadescape.com\/nl\/wp-content\/uploads\/sites\/4\/2026\/08\/CapeVerde-_childcare-1280x576.webp 1280w, https:\/\/abroadescape.com\/nl\/wp-content\/uploads\/sites\/4\/2026\/08\/CapeVerde-_childcare-980x441.webp 980w, https:\/\/abroadescape.com\/nl\/wp-content\/uploads\/sites\/4\/2026\/08\/CapeVerde-_childcare-480x216.webp 480w\" sizes=\"(min-width: 0px) and (max-width: 480px) 480px, (min-width: 481px) and (max-width: 980px) 980px, (min-width: 981px) and (max-width: 1280px) 1280px, (min-width: 1281px) 1600px, 100vw\" class=\"wp-image-7014\" \/><\/span><\/div>\n<\/div>\n<\/div>\n<\/div>\n\n<div class=\"et_pb_section_13 et_pb_section et_section_regular et_flex_section\">\n<div class=\"et_pb_row_22 et_pb_row et_flex_row\">\n<div class=\"et_pb_column_31 et_pb_column et-last-child et_flex_column et_pb_css_mix_blend_mode_passthrough et_flex_column_24_24 et_flex_column_24_24_tablet et_flex_column_24_24_phone\">\n<div class=\"et_pb_text_13 et_pb_text et_pb_bg_layout_light et_pb_module et_flex_module\"><div class=\"et_pb_text_inner\"><h2><span>Combien co\u00fbte le volontariat au Cap-Vert ?<\/span><\/h2>\n<p><span>Nous avons choisi de garder la tarification simple. Il y a <\/span><strong><span>un seul tarif de programme<\/span><\/strong><span>. Certains projets entra\u00eenent des frais suppl\u00e9mentaires.<\/span><\/p>\n<\/div><\/div>\n\n<div class=\"et_pb_text_14 et_pb_text et_pb_bg_layout_light et_pb_module et_flex_module\"><div class=\"et_pb_text_inner\"><h3><span>Tarifs des programmes de volontariat au Cap-Vert<\/span><\/h3>\n<table>\n<tbody>\n<tr>\n<th><strong><span>Dur\u00e9e<\/span><\/strong><\/th>\n<th><strong><span>Prix<\/span><\/strong><\/th>\n<\/tr>\n<tr>\n<td><span>1 semaine<\/span><\/td>\n<td><span>715 \u20ac<\/span><\/td>\n<\/tr>\n<tr>\n<td><span>2 semaines<\/span><\/td>\n<td><span>955 \u20ac<\/span><\/td>\n<\/tr>\n<tr>\n<td><span>3 semaines<\/span><\/td>\n<td><span>1 265 \u20ac<\/span><\/td>\n<\/tr>\n<tr>\n<td><span>4 semaines<\/span><\/td>\n<td><span>1 575 \u20ac<\/span><\/td>\n<\/tr>\n<tr>\n<td><span>Semaine suppl\u00e9mentaire<\/span><\/td>\n<td><span>345 \u20ac<\/span><\/td>\n<\/tr>\n<\/tbody>\n<\/table>\n<\/div><\/div>\n\n<div class=\"et_pb_text_15 et_pb_text et_pb_bg_layout_light et_pb_module et_flex_module\"><div class=\"et_pb_text_inner\"><p class=\"isSelectedEnd\"><strong><span>Frais suppl\u00e9mentaires :<\/span><\/strong><\/p>\n<ul data-spread=\"false\">\n<li><span>Culture Week et projet de construction : 75 \u20ac par semaine<\/span><\/li>\n<li><span>Protection des tortues marines : 115 \u20ac par semaine<\/span><\/li>\n<\/ul>\n<\/div><\/div>\n<\/div>\n<\/div>\n\n<div class=\"et_pb_row_23 et_pb_row et_flex_row\">\n<div class=\"et_pb_column_32 et_pb_column et-last-child et_flex_column et_pb_css_mix_blend_mode_passthrough et_flex_column_24_24 et_flex_column_24_24_tablet et_flex_column_24_24_phone\">\n<div class=\"et_pb_text_16 et_pb_text et_pb_bg_layout_light et_pb_module et_flex_module\"><div class=\"et_pb_text_inner\"><h3><span>Qu\u2019est-ce qui est inclus ?<\/span><\/h3>\n<ul data-spread=\"false\">\n<li><span>Placement en volontariat<\/span><\/li>\n<li><span>Transfert depuis l\u2019a\u00e9roport<\/span><\/li>\n<li><span>H\u00e9bergement partag\u00e9<\/span><\/li>\n<li><span>Petit-d\u00e9jeuner, d\u00e9jeuner et d\u00eener en semaine<\/span><\/li>\n<li><span>Petit-d\u00e9jeuner et d\u00eener le week-end<\/span><\/li>\n<li><span>Introduction<\/span><\/li>\n<li><span>Assistance locale<\/span><\/li>\n<\/ul>\n<h3><span>Qu\u2019est-ce qui n\u2019est pas inclus ?<\/span><\/h3>\n<ul data-spread=\"false\">\n<li><span>Vols internationaux<\/span><\/li>\n<li><span>Assurance voyage<\/span><\/li>\n<li><span>Frais de visa, le cas \u00e9ch\u00e9ant<\/span><\/li>\n<li><span>Vaccinations<\/span><\/li>\n<li><span>Transfert vers l\u2019a\u00e9roport \u00e0 la fin du programme<\/span><\/li>\n<\/ul>\n<h3><span>Conditions<\/span><\/h3>\n<ul data-spread=\"false\">\n<li><span>\u00c2ge minimum : <\/span><strong><span>18 ans<\/span><\/strong><\/li>\n<li><span>Une assurance voyage est obligatoire<\/span><\/li>\n<li><span>Un extrait de casier judiciaire ou deux lettres de recommandation<\/span><\/li>\n<li><span>Connaissance de base de l\u2019anglais<\/span><\/li>\n<\/ul>\n<\/div><\/div>\n\n<div class=\"et_pb_text_17 et_pb_text et_pb_bg_layout_light et_pb_module et_flex_module\"><div class=\"et_pb_text_inner\"><h3><span>Comment r\u00e9server ?<\/span><\/h3>\n<p class=\"isSelectedEnd\"><strong><span>Acompte<\/span><\/strong><\/p>\n<p class=\"isSelectedEnd\"><span>Vous r\u00e9servez votre place avec un acompte de 200 \u20ac. Celui-ci est d\u00e9duit du prix total du programme et <\/span><strong><span>ne constitue PAS un co\u00fbt suppl\u00e9mentaire<\/span><\/strong><span>.<\/span><\/p>\n<p class=\"isSelectedEnd\"><strong><span>Modification flexible<\/span><\/strong><\/p>\n<p class=\"isSelectedEnd\"><span>Vous pouvez modifier votre destination, votre programme ou votre date de d\u00e9but jusqu\u2019\u00e0 30 jours avant le d\u00e9part, sous r\u00e9serve de disponibilit\u00e9 et d\u2019\u00e9ventuelles diff\u00e9rences de prix.<\/span><\/p>\n<p class=\"isSelectedEnd\"><strong><span>Solde<\/span><\/strong><\/p>\n<p><span>Le solde doit \u00eatre pay\u00e9 45 jours avant le d\u00e9but de votre programme.<\/span><\/p>\n<\/div><\/div>\n<\/div>\n<\/div>\n<\/div>\n\n<div class=\"et_pb_section_14 et_pb_section et_section_regular et_flex_section\">\n<div class=\"et_pb_row_24 et_pb_row et_flex_row\">\n<div class=\"et_pb_column_33 et_pb_column et-last-child et_flex_column et_pb_css_mix_blend_mode_passthrough et_flex_column_24_24 et_flex_column_24_24_tablet et_flex_column_24_24_phone\">\n<div class=\"et_pb_text_18 et_pb_text et_pb_bg_layout_light et_pb_module et_flex_module\"><div class=\"et_pb_text_inner\"><h1><span>Questions fr\u00e9quentes sur le volontariat au Cap-Vert<\/span><\/h1>\n<h3><span>Puis-je commencer n\u2019importe quel jour ?<\/span><\/h3>\n<p class=\"isSelectedEnd\"><span>Non. Les programmes de volontariat commencent le <\/span><strong><span>lundi<\/span><\/strong><span>. Vous arrivez le <\/span><strong><span>dimanche pr\u00e9c\u00e9dent<\/span><\/strong><span>.<\/span><\/p>\n<h3><span>Combien de temps puis-je faire du volontariat au Cap-Vert ?<\/span><\/h3>\n<p class=\"isSelectedEnd\"><span>Les programmes sont disponibles pour une dur\u00e9e allant de <\/span><strong><span>1 \u00e0 8 semaines<\/span><\/strong><span>.<\/span><\/p>\n<h3><span>Puis-je combiner plusieurs projets de volontariat ?<\/span><\/h3>\n<p class=\"isSelectedEnd\"><span>Oui, vous pouvez combiner diff\u00e9rents projets pendant votre s\u00e9jour.<\/span><\/p>\n<p class=\"isSelectedEnd\"><span>Vous pouvez par exemple commencer par la Culture Week, puis participer pendant une ou plusieurs semaines \u00e0 un autre projet.<\/span><\/p>\n<h3><span>Puis-je faire du volontariat au Cap-Vert sans exp\u00e9rience pr\u00e9alable ?<\/span><\/h3>\n<p class=\"isSelectedEnd\"><span>Oui. Aucune exp\u00e9rience pr\u00e9alable dans le volontariat n\u2019est requise pour ces projets.<\/span><\/p>\n<h3><span>Dois-je participer \u00e0 la Culture Week ?<\/span><\/h3>\n<p class=\"isSelectedEnd\"><span>Non. La Culture Week est facultative. Elle constitue une bonne mani\u00e8re de d\u00e9couvrir le Cap-Vert, la culture locale et la vie quotidienne \u00e0 Tarrafal avant de commencer votre projet de volontariat.<\/span><\/p>\n<h1><\/h1>\n<\/div><\/div>\n<\/div>\n<\/div>\n<\/div>\n\n<div class=\"et_pb_section_15 et_pb_section et_section_regular et_flex_section\">\n<div class=\"et_pb_row_25 et_pb_row et_flex_row\">\n<div class=\"et_pb_column_34 et_pb_column et-last-child et_flex_column et_pb_css_mix_blend_mode_passthrough et_flex_column_24_24 et_flex_column_24_24_tablet et_flex_column_24_24_phone\">\n<div class=\"et_pb_text_19 et_pb_text et_pb_bg_layout_light et_pb_module et_flex_module\"><div class=\"et_pb_text_inner\"><h1><span>Pr\u00e9parez votre programme au Cap-Vert<\/span><\/h1>\n<p class=\"isSelectedEnd\"><span>Vous connaissez maintenant les diff\u00e9rents projets, les informations pratiques et les tarifs.<\/span><\/p>\n<p class=\"isSelectedEnd\"><strong><span>Vous n\u2019avez pas besoin de faire votre choix d\u00e9finitif seul.<\/span><\/strong><\/p>\n<p class=\"isSelectedEnd\"><span>Dites-nous quand vous souhaitez partir, combien de temps vous avez, ce que vous aimeriez faire et ce qui vous fait encore h\u00e9siter.<\/span><\/p>\n<p class=\"isSelectedEnd\"><strong><span>Nous examinerons votre demande et vous donnerons des conseils personnalis\u00e9s sur le programme au Cap-Vert qui correspond le mieux \u00e0 votre projet.<\/span><\/strong><\/p>\n<p><span>Vous n\u2019\u00eates pas oblig\u00e9 de r\u00e9server imm\u00e9diatement. Parlez-nous simplement de votre projet et nous vous aiderons \u00e0 explorer les possibilit\u00e9s.<\/span><\/p>\n<\/div><\/div>\n\n<div class=\"et_pb_module et_pb_button_module_wrapper et_pb_button_2_wrapper preset--module--divi-button--default_wrapper\"><a class=\"et_pb_button_2 et_pb_button et_pb_bg_layout_light et_pb_module et_flex_module preset--module--divi-button--default\" href=\"https:\/\/abroadescape.com\/fr\/contact\/\">Recevoir des conseils personnalis\u00e9s \u2192<\/a><\/div>\n<\/div>\n<\/div>\n<\/div>","protected":false},"excerpt":{"rendered":"","protected":false},"author":1,"featured_media":0,"parent":0,"menu_order":0,"comment_status":"closed","ping_status":"closed","template":"","meta":{"footnotes":""},"class_list":["post-100650","page","type-page","status-publish","hentry"],"_links":{"self":[{"href":"https:\/\/abroadescape.com\/fr\/wp-json\/wp\/v2\/pages\/100650","targetHints":{"allow":["GET"]}}],"collection":[{"href":"https:\/\/abroadescape.com\/fr\/wp-json\/wp\/v2\/pages"}],"about":[{"href":"https:\/\/abroadescape.com\/fr\/wp-json\/wp\/v2\/types\/page"}],"author":[{"embeddable":true,"href":"https:\/\/abroadescape.com\/fr\/wp-json\/wp\/v2\/users\/1"}],"replies":[{"embeddable":true,"href":"https:\/\/abroadescape.com\/fr\/wp-json\/wp\/v2\/comments?post=100650"}],"version-history":[{"count":13,"href":"https:\/\/abroadescape.com\/fr\/wp-json\/wp\/v2\/pages\/100650\/revisions"}],"predecessor-version":[{"id":104947,"href":"https:\/\/abroadescape.com\/fr\/wp-json\/wp\/v2\/pages\/100650\/revisions\/104947"}],"wp:attachment":[{"href":"https:\/\/abroadescape.com\/fr\/wp-json\/wp\/v2\/media?parent=100650"}],"curies":[{"name":"wp","href":"https:\/\/api.w.org\/{rel}","templated":true}]}}